{"id":3007,"date":"2025-04-24T13:01:31","date_gmt":"2025-04-24T10:01:31","guid":{"rendered":"https:\/\/www.doktorikool.ee\/?post_type=tribe_events&#038;p=3007"},"modified":"2025-09-11T15:08:42","modified_gmt":"2025-09-11T12:08:42","slug":"arstiteaduskonna-aastapaev-2025","status":"publish","type":"tribe_events","link":"https:\/\/www.doktorikool.ee\/en\/uritused\/arstiteaduskonna-aastapaev-2025\/","title":{"rendered":"Anniversary of the Faculty of Medicine 2025"},"content":{"rendered":"<h3 class=\"wp-block-heading\">The doctoral session of the scientific conference<\/h3>\n\n\n<div  class=\"tribe-events-schedule tribe-clearfix\" >\n\t<p class=\"tribe-events-schedule__datetime\">\n\t\t<span class=\"tribe-events-schedule__date tribe-events-schedule__date--start\">\n\t\t\t02\/10\/2025\t\t<\/span>\n\n\t\t\n\t\t\t\t\t\t\t\t\t<span class=\"tribe-events-schedule__separator tribe-events-schedule__separator--time\">\n\t\t\t\t\t &#8211; \t\t\t\t<\/span>\n\t\t\t\n\t\t\t\t\t\t\t<span class=\"tribe-events-schedule__date tribe-events-schedule__date--end\">\n\t\t\t\t\t03\/10\/2025\t\t\t\t<\/span>\n\n\t\t\t\t\n\t\t\t\n\t\t\t\t\t\t<\/p>\n<\/div>\n\n\n\n<p><strong>At Biomedicum of Tartu University<\/strong> (Ravila 19, Tartu)<\/p>\n\n\n\n<p><strong>On October 2\u20133, 2025, the University of Tartu will celebrate the 393rd anniversary of the Faculty of Medicine. This two-day conference serves as a traditional gathering for students, faculty, researchers, alumni, and partners from the field.<\/strong><\/p>\n\n\n\n<p>On Thursday, the scientific conference will take place at Biomedicum, where researchers, faculty members, doctoral candidates, and students will present the latest findings from medical and sports science research conducted over the past year. Abstracts will be presented in three formats: oral presentations, flash talks, and poster presentations in the poster session.<\/p>\n\n\n\n<p>On Friday, the traditional thematic conference will focus on mental health. The event will feature presentations by experts from the Faculty of Medicine as well as invited speakers from other institutions. More information about the events can be found on the Faculty of Medicine's&nbsp;<span style=\"text-decoration: underline;\"><a href=\"https:\/\/meditsiiniteadused.ut.ee\/et\/aastapaev\" target=\"_blank\" rel=\"noreferrer noopener\">website<\/a>.<\/span>&nbsp;<\/p>\n\n\n\n<p><strong>We warmly invite everyone to submit their abstracts! Abstract submission for the scientific conference is open until June 2, 11:59 PM.&nbsp;<\/strong><\/p>\n\n\n\n<p>We welcome thesis presenting research results in the field of medicine and sports sciences conducted over the past year by students, doctor-residents, researchers, faculty, doctors, and partners and alumni of the Faculty of Medicine. Theses can be submitted&nbsp;<strong><span style=\"text-decoration: underline;\"><a href=\"https:\/\/survey.ut.ee\/index.php\/856766?lang=et\" target=\"_blank\" rel=\"noreferrer noopener\">here<\/a><\/span><\/strong>.<\/p>\n\n\n\n<div class=\"custom-css-block\"><style>#aab_accordion_f87851ec_0 {  }<\/style><\/div><div class=\"wp-block-aab-accordion-block aab__accordion_container  accessibilityOn\" style=\"margin-top:0px;margin-bottom:15px;border:1px solid #bcb6b638\" id=\"aab_accordion_f87851ec_0\" role=\"button\" aria-expanded=\"false\" tabindex=\"0\"><div class=\"aab__accordion_head aab_right_icon\" style=\"background-color:#bcb6b638;border-top:none;border-right:none;border-bottom:none;border-left:none\"><div class=\"aab__accordion_heading aab_right_icon aab_right_link\"><div class=\"head_content_wrapper\"><div class=\"title_wrapper\"><h5 class=\"aab__accordion_title\" style=\"margin:0\"><strong>Information for the scientific conference presenters<\/strong><\/h5><\/div><p class=\"aab__accordion_subheading\" placeholder=\"\" style=\"margin:5px 0 0 0\"><\/p><\/div><\/div><div class=\"aab__accordion_icon\" style=\"border:0px solid transparent\"><span class=\"aab__icon dashicons dashicons-plus-alt2\" style=\"font-size:23px\"><\/span><\/div><\/div><div class=\"aab__accordion_body\" role=\"region\" style=\"display:none;border-top:1px solid #bcb6b638;border-right:none;border-bottom:none;border-left:none\"><div class=\"aab__accordion_component\">\n<p class=\"translation-block\"><strong>1. For oral presenters:<\/strong><br>Present your results within a\u00a0<strong>15-minute presentation<\/strong>, including time for questions. The evaluation will consider the content of the presentation, clarity of delivery, and adherence to the time frame.<br>Please send your presentation slides to <a href=\"mailto:med@ut.ee\" target=\"_self\">margit.kooser@ut.ee<\/a>\u00a0by <strong>14:00 on September 29th<\/strong>.<\/p>\n\n\n\n<p><strong>2. For poster session participants:<\/strong><\/p>\n\n\n\n<ul class=\"wp-block-list\">\n<li class=\"translation-block\">The poster should be in Estonian (except for non-Estonian speakers), fit within the dimensions of 120 cm in height and 100 cm in width, and be delivered to Biomeedikum (Ravila 19) on September 29th. The author is responsible for organizing the poster printing and setting it up for the poster session. Please also send the digital version of the poster (PDF) to <a href=\"mailto:margit.kooser@ut.ee\" target=\"_self\">margit.kooser@ut.ee<\/a> by this time. The content, clarity, and design of the poster will be evaluated.<\/li>\n\n\n\n<li>Present your poster at the scientific conference on October 2nd from 13:15 to 14:45. During this time, authors must be present by their posters to answer questions from attendees.<\/li>\n<\/ul>\n\n\n\n<p class=\"translation-block\"><strong>3. For flash talkers:<\/strong><br>Introduce your thesis with a \u00a0<strong>maximum 3-minute flash talk<\/strong>, supported by 1-3 slides. You must be present at the start of your flash talk session.<br>Please send your flash talk slides to\u00a0<a href=\"mailto:med@ut.ee\" target=\"_self\">margit.kooser@ut.ee<\/a>\u00a0<strong> by 14:00 on September 29th.<\/strong><\/p>\n<\/div><\/div><\/div>\n\n\n\n<div class=\"custom-css-block\"><style>#aab_accordion_763d48bb_1 {  }<\/style><\/div><div class=\"wp-block-aab-accordion-block aab__accordion_container  accessibilityOn\" style=\"margin-top:0px;margin-bottom:15px;border:1px solid #bcb6b638\" id=\"aab_accordion_763d48bb_1\" role=\"button\" aria-expanded=\"false\" tabindex=\"0\"><div class=\"aab__accordion_head aab_right_icon\" style=\"background-color:#bcb6b638;border-top:none;border-right:none;border-bottom:none;border-left:none\"><div class=\"aab__accordion_heading aab_right_icon aab_right_link\"><div class=\"head_content_wrapper\"><div class=\"title_wrapper\"><h5 class=\"aab__accordion_title\" style=\"margin:0\"><strong>Awards given<\/strong><\/h5><\/div><p class=\"aab__accordion_subheading\" placeholder=\"\" style=\"margin:5px 0 0 0\"><\/p><\/div><\/div><div class=\"aab__accordion_icon\" style=\"border:0px solid transparent\"><span class=\"aab__icon dashicons dashicons-plus-alt2\" style=\"font-size:23px\"><\/span><\/div><\/div><div class=\"aab__accordion_body\" role=\"region\" style=\"display:none;border-top:1px solid #bcb6b638;border-right:none;border-bottom:none;border-left:none\"><div class=\"aab__accordion_component\">\n<p><strong>The jury will award eight prizes:<\/strong><\/p>\n\n\n\n<ul class=\"wp-block-list\">\n<li>\u201ebest oral presentation of research fellows\u2019, teachers\u2019, residents\u2019 session\u201c (700 \u20ac)<\/li>\n\n\n\n<li>\u201ebest oral presentation of students' session\u201c (700 \u20ac)<\/li>\n\n\n\n<li>\u201ebest oral presentation of doctoral students' session\u201c (700 \u20ac)<\/li>\n\n\n\n<li>\u201ebest flash talk of doctoral students\u201c (500 \u20ac)<\/li>\n\n\n\n<li>\u201ebest flash talk of students\u201c (500 \u20ac)<\/li>\n\n\n\n<li>\u201ebest poster of research fellows, teachers, residents\u201c (300 \u20ac)<\/li>\n\n\n\n<li>\u201ebest poster of students\u201c (300 \u20ac)<\/li>\n\n\n\n<li>\u201ebest poster of doctoral students\u201c (300 \u20ac)<\/li>\n<\/ul>\n\n\n\n<p><em><strong>*<\/strong>Awards will be given on 3 October at the awarding ceremony.<\/em><\/p>\n<\/div><\/div><\/div>\n\n\n\n<p>Estonian Doctoral School for Medical and Health Sciences, Veterinary Medicine.<\/p>\n\n\n\t<div  class=\"tribe-block tribe-block__events-link\" >\n\t\t<div class=\"tribe-events tribe-common\">\n\t\t\t<div class=\"tribe-events-c-subscribe-dropdown__container\">\n\t\t\t\t<div class=\"tribe-events-c-subscribe-dropdown\">\n\t\t\t\t\t<div class=\"tribe-common-c-btn-border tribe-events-c-subscribe-dropdown__button\">\n\t\t\t\t\t\t<svg\n\t class=\"tribe-common-c-svgicon tribe-common-c-svgicon--cal-export tribe-events-c-subscribe-dropdown__export-icon\" \taria-hidden=\"true\"\n\tviewbox=\"0 0 23 17\"\n\txmlns=\"http:\/\/www.w3.org\/2000\/svg\"\n>\n\t<path fill-rule=\"evenodd\" clip-rule=\"evenodd\" d=\"M.128.896V16.13c0 .211.145.383.323.383h15.354c.179 0 .323-.172.323-.383V.896c0-.212-.144-.383-.323-.383H.451C.273.513.128.684.128.896Zm16 6.742h-.901V4.679H1.009v10.729h14.218v-3.336h.901V7.638ZM1.01 1.614h14.218v2.058H1.009V1.614Z\" \/>\n\t<path d=\"M20.5 9.846H8.312M18.524 6.953l2.89 2.909-2.855 2.855\" stroke-width=\"1.2\" stroke-linecap=\"round\" stroke-linejoin=\"round\"\/>\n<\/svg>\n\t\t\t\t\t\t<button\n\t\t\t\t\t\t\tclass=\"tribe-events-c-subscribe-dropdown__button-text\"\n\t\t\t\t\t\t\taria-expanded=\"false\"\n\t\t\t\t\t\t\taria-controls=\"tribe-events-subscribe-dropdown-content\"\n\t\t\t\t\t\t\taria-label=\"View links to add events to your calendar\"\n\t\t\t\t\t\t>\n\t\t\t\t\t\t\tAdd to calendar\t\t\t\t\t\t<\/button>\n\t\t\t\t\t\t<svg\n\t class=\"tribe-common-c-svgicon tribe-common-c-svgicon--caret-down tribe-events-c-subscribe-dropdown__button-icon\" \taria-hidden=\"true\"\n\tviewbox=\"0 0 10 7\"\n\txmlns=\"http:\/\/www.w3.org\/2000\/svg\"\n>\n\t<path fill-rule=\"evenodd\" clip-rule=\"evenodd\" d=\"M1.008.609L5 4.6 8.992.61l.958.958L5 6.517.05 1.566l.958-.958z\" class=\"tribe-common-c-svgicon__svg-fill\"\/>\n<\/svg>\n\t\t\t\t\t<\/div>\n\t\t\t\t\t<div id=\"tribe-events-subscribe-dropdown-content\" class=\"tribe-events-c-subscribe-dropdown__content\">\n\t\t\t\t\t\t<ul class=\"tribe-events-c-subscribe-dropdown__list\">\n\t\t\t\t\t\t\t\t\t\t\t\t\t\t\t<li class=\"tribe-events-c-subscribe-dropdown__list-item tribe-events-c-subscribe-dropdown__list-item--gcal\">\n\t\t\t\t\t\t\t\t\t<a\n\t\t\t\t\t\t\t\t\t\thref=\"https:\/\/www.google.com\/calendar\/event?action=TEMPLATE&#038;dates=20251002T000000\/20251003T235959&#038;text=Arstiteaduskonna%20aastap%C3%A4ev%202025&#038;details=%3Ch3+class%3D%22wp-block-heading%22%3ETeaduskonverentsi+doktorantide+sessioon%3C%2Fh3%3E%3Cp%3E%3Cstrong%3ETartu+%C3%9Clikooli+Biomeedikumis%3C%2Fstrong%3E+%28Ravila+19%2C+Tartu%29%3C%2Fp%3E+%3Cp%3E%3Cstrong%3E2.%E2%80%933.+oktoobril+2025+peetakse+Tartu+%C3%9Clikooli+393.+arstiteaduskonna+aastap%C3%A4eva.+Kahep%C3%A4evane+konverents+on+traditsiooniline+kohtumispaik+valdkonnaga+seotud+inimestele+%E2%80%93+%C3%BCli%C3%B5pilastele%2C+%C3%B5ppej%C3%B5ududele%2C+teadlastele%2C+vilistlastele+ja+valdkonna+partneritele.%3C%2Fstrong%3E%3C%2Fp%3E+%3Cp%3ENeljap%C3%A4eval+toimub+Biomeedikumis+teaduskonverents%2C+kus+valdkonna+teadurid%2C+%C3%B5ppej%C3%B5ud%2C+doktorandid+ja+%C3%BCli%C3%B5pilased+tutvustavad+viimase+aasta+teadusuuringute+tulemusi.+Teese+esitletakse+kolmes+formaadis+-+suulised+ettekanded%2C+v%C3%A4lkk%C3%B5ned+ja+postri+tutvustus+postersessioonis.%3C%2Fp%3E+%3Cp%3EReedel+peetakse+traditsioonilist+teemakonverentsi%2C+mille+fookuses+on+sel+korral+vaimne+tervis.+Teemakonverentsil+astuvad+%C3%BCles+teadlased+valdkonnast+ja+mujalt.+Lisateavet+s%C3%BCndmuste+kohta+leiab+meditsiiniteaduste+valdkonna%26nbsp%3B%3Cspan+style%3D%22text-decoration%3A+%3C%2Fp%3E+%28View+Full+event+Description+Here%3A+https%3A%2F%2Fwww.doktorikool.ee%2Fen%2Furitused%2Farstiteaduskonna-aastapaev-2025%2F%29&#038;trp=false&#038;ctz=Europe\/Tallinn&#038;sprop=website:https:\/\/www.doktorikool.ee\/en\"\n\t\t\t\t\t\t\t\t\t\tclass=\"tribe-events-c-subscribe-dropdown__list-item-link\"\n\t\t\t\t\t\t\t\t\t\ttarget=\"_blank\"\n\t\t\t\t\t\t\t\t\t\trel=\"noopener noreferrer nofollow noindex\"\n\t\t\t\t\t\t\t\t\t>\n\t\t\t\t\t\t\t\t\t\tGoogle Calendar\t\t\t\t\t\t\t\t\t<\/a>\n\t\t\t\t\t\t\t\t<\/li>\n\t\t\t\t\t\t\t\t\t\t\t\t\t\t\t<li class=\"tribe-events-c-subscribe-dropdown__list-item tribe-events-c-subscribe-dropdown__list-item--ical\">\n\t\t\t\t\t\t\t\t\t<a\n\t\t\t\t\t\t\t\t\t\thref=\"\"\n\t\t\t\t\t\t\t\t\t\tclass=\"tribe-events-c-subscribe-dropdown__list-item-link\"\n\t\t\t\t\t\t\t\t\t\ttarget=\"_blank\"\n\t\t\t\t\t\t\t\t\t\trel=\"noopener noreferrer nofollow noindex\"\n\t\t\t\t\t\t\t\t\t>\n\t\t\t\t\t\t\t\t\t\tiCalendar\t\t\t\t\t\t\t\t\t<\/a>\n\t\t\t\t\t\t\t\t<\/li>\n\t\t\t\t\t\t\t\t\t\t\t\t\t\t\t<li class=\"tribe-events-c-subscribe-dropdown__list-item tribe-events-c-subscribe-dropdown__list-item--outlook-365\">\n\t\t\t\t\t\t\t\t\t<a\n\t\t\t\t\t\t\t\t\t\thref=\"\"\n\t\t\t\t\t\t\t\t\t\tclass=\"tribe-events-c-subscribe-dropdown__list-item-link\"\n\t\t\t\t\t\t\t\t\t\ttarget=\"_blank\"\n\t\t\t\t\t\t\t\t\t\trel=\"noopener noreferrer nofollow noindex\"\n\t\t\t\t\t\t\t\t\t>\n\t\t\t\t\t\t\t\t\t\tOutlook 365\t\t\t\t\t\t\t\t\t<\/a>\n\t\t\t\t\t\t\t\t<\/li>\n\t\t\t\t\t\t\t\t\t\t\t\t\t\t\t<li class=\"tribe-events-c-subscribe-dropdown__list-item tribe-events-c-subscribe-dropdown__list-item--outlook-live\">\n\t\t\t\t\t\t\t\t\t<a\n\t\t\t\t\t\t\t\t\t\thref=\"\"\n\t\t\t\t\t\t\t\t\t\tclass=\"tribe-events-c-subscribe-dropdown__list-item-link\"\n\t\t\t\t\t\t\t\t\t\ttarget=\"_blank\"\n\t\t\t\t\t\t\t\t\t\trel=\"noopener noreferrer nofollow noindex\"\n\t\t\t\t\t\t\t\t\t>\n\t\t\t\t\t\t\t\t\t\tOutlook Live\t\t\t\t\t\t\t\t\t<\/a>\n\t\t\t\t\t\t\t\t<\/li>\n\t\t\t\t\t\t\t\t\t\t\t\t\t<\/ul>\n\t\t\t\t\t<\/div>\n\t\t\t\t<\/div>\n\t\t\t<\/div>\n\t\t<\/div>\n\t<\/div>\n\n\n\n\n<p><\/p>","protected":false},"excerpt":{"rendered":"<p>Teaduskonverentsi doktorantide sessioon Tartu \u00dclikooli Biomeedikumis (Ravila 19, Tartu) 2.\u20133. oktoobril 2025 peetakse Tartu \u00dclikooli 393. arstiteaduskonna aastap\u00e4eva. Kahep\u00e4evane konverents on traditsiooniline kohtumispaik valdkonnaga seotud inimestele \u2013 \u00fcli\u00f5pilastele, \u00f5ppej\u00f5ududele, teadlastele, [&hellip;]<\/p>\n","protected":false},"author":1,"featured_media":0,"template":"","meta":{"inline_featured_image":false,"_EventAllDay":true,"_EventTimezone":"Europe\/Tallinn","_EventStartDate":"2025-10-02 00:00:00","_EventEndDate":"2025-10-03 23:59:59","_EventStartDateUTC":"2025-10-01 21:00:00","_EventEndDateUTC":"2025-10-03 20:59:59","_EventShowMap":false,"_EventShowMapLink":false,"_EventURL":"","_EventCost":"","_EventCostDescription":"","_EventCurrencySymbol":"$","_EventCurrencyCode":"USD","_EventCurrencyPosition":"prefix","_EventDateTimeSeparator":" ","_EventTimeRangeSeparator":" - ","_EventOrganizerID":[],"_EventVenueID":[],"_OrganizerEmail":"","_OrganizerPhone":"","_OrganizerWebsite":"","_VenueAddress":"","_VenueCity":"","_VenueCountry":"","_VenueProvince":"","_VenueState":"","_VenueZip":"","_VenuePhone":"","_VenueURL":"","_VenueStateProvince":"","_VenueLat":"","_VenueLng":"","_VenueShowMap":false,"_VenueShowMapLink":false,"_tribe_events_status":"","_tribe_events_status_reason":"","footnotes":""},"tags":[27],"tribe_events_cat":[13,10],"class_list":["post-3007","tribe_events","type-tribe_events","status-publish","hentry","tag-arsti-ja-terviseteadused","tribe_events_cat-kommunikatsioon","tribe_events_cat-doing-research","cat_kommunikatsioon","cat_doing-research"],"_links":{"self":[{"href":"https:\/\/www.doktorikool.ee\/en\/wp-json\/wp\/v2\/tribe_events\/3007","targetHints":{"allow":["GET"]}}],"collection":[{"href":"https:\/\/www.doktorikool.ee\/en\/wp-json\/wp\/v2\/tribe_events"}],"about":[{"href":"https:\/\/www.doktorikool.ee\/en\/wp-json\/wp\/v2\/types\/tribe_events"}],"author":[{"embeddable":true,"href":"https:\/\/www.doktorikool.ee\/en\/wp-json\/wp\/v2\/users\/1"}],"version-history":[{"count":7,"href":"https:\/\/www.doktorikool.ee\/en\/wp-json\/wp\/v2\/tribe_events\/3007\/revisions"}],"predecessor-version":[{"id":3022,"href":"https:\/\/www.doktorikool.ee\/en\/wp-json\/wp\/v2\/tribe_events\/3007\/revisions\/3022"}],"wp:attachment":[{"href":"https:\/\/www.doktorikool.ee\/en\/wp-json\/wp\/v2\/media?parent=3007"}],"wp:term":[{"taxonomy":"post_tag","embeddable":true,"href":"https:\/\/www.doktorikool.ee\/en\/wp-json\/wp\/v2\/tags?post=3007"},{"taxonomy":"tribe_events_cat","embeddable":true,"href":"https:\/\/www.doktorikool.ee\/en\/wp-json\/wp\/v2\/tribe_events_cat?post=3007"}],"curies":[{"name":"wp","href":"https:\/\/api.w.org\/{rel}","templated":true}]}}