{"id":305,"date":"2024-04-24T23:43:22","date_gmt":"2024-04-24T20:43:22","guid":{"rendered":"https:\/\/www.doktorikool.ee\/?page_id=305"},"modified":"2024-11-14T12:48:16","modified_gmt":"2024-11-14T10:48:16","slug":"karjaarikonverents","status":"publish","type":"page","link":"https:\/\/www.doktorikool.ee\/et\/karjaarikonverents\/karjaarikonverents\/","title":{"rendered":"2024 Karj\u00e4\u00e4rikonverents"},"content":{"rendered":"\n<figure class=\"wp-block-image aligncenter size-large\"><img loading=\"lazy\" decoding=\"async\" width=\"1024\" height=\"576\" src=\"https:\/\/www.doktorikool.ee\/wp-content\/uploads\/2024\/04\/Doktorikool_23-04-2024_1920x1080pix_EST-1024x576.jpg\" alt=\"\" class=\"wp-image-358\" srcset=\"https:\/\/www.doktorikool.ee\/wp-content\/uploads\/2024\/04\/Doktorikool_23-04-2024_1920x1080pix_EST-1024x576.jpg 1024w, https:\/\/www.doktorikool.ee\/wp-content\/uploads\/2024\/04\/Doktorikool_23-04-2024_1920x1080pix_EST-300x169.jpg 300w, https:\/\/www.doktorikool.ee\/wp-content\/uploads\/2024\/04\/Doktorikool_23-04-2024_1920x1080pix_EST-768x432.jpg 768w, https:\/\/www.doktorikool.ee\/wp-content\/uploads\/2024\/04\/Doktorikool_23-04-2024_1920x1080pix_EST-1536x864.jpg 1536w, https:\/\/www.doktorikool.ee\/wp-content\/uploads\/2024\/04\/Doktorikool_23-04-2024_1920x1080pix_EST-18x10.jpg 18w, https:\/\/www.doktorikool.ee\/wp-content\/uploads\/2024\/04\/Doktorikool_23-04-2024_1920x1080pix_EST-1140x641.jpg 1140w, https:\/\/www.doktorikool.ee\/wp-content\/uploads\/2024\/04\/Doktorikool_23-04-2024_1920x1080pix_EST.jpg 1920w\" sizes=\"auto, (max-width: 1024px) 100vw, 1024px\" \/><\/figure>\n\n\n\n<p>TalTechi eestvedamisel toimub j\u00e4rjekorras teine doktorantide karj\u00e4\u00e4rikonverents, kuhu on oodatud k\u00f5ik Eesti doktorandid ja doktori\u00f5ppest huvitatud. T\u00e4navune konverents toimub k\u00f5ikide Eesti \u00fclikoolide koost\u00f6\u00f6s&nbsp;<a href=\"https:\/\/www.doktorikool.ee\/\" target=\"_blank\" rel=\"noreferrer noopener\">Eesti doktorikooli<\/a>&nbsp;raames.<\/p>\n\n\n\n<p>Konverentsi eesm\u00e4rk on esile tuua doktorikraadi v\u00e4\u00e4rtust ja tutvustada l\u00f5putuid karj\u00e4\u00e4riv\u00f5imalusi neile, kellel on kirg uute teadmiste ja erialaste v\u00e4ljakutsete vastu. Doktorantuuri jooksul omandatud mitmek\u00fclgsed teadmised, oskused ning lai silmaring avab karj\u00e4\u00e4riteel uusi v\u00f5imalusi.<br>Akadeemiast t\u00f6\u00f6stuseni, valitsusest ettev\u00f5tluseni \u2013 doktorikooli konverents aitab m\u00f5ista doktorikraadiga kaasnevaid v\u00e4ljavaateid teel m\u00f5juka, mitmekesise ja rahuldust pakkuva karj\u00e4\u00e4rini. Liituge meiega ja avastage, kuidas doktorantuuri k\u00e4igus omandatuga saab kujundada mitte ainult oma karj\u00e4\u00e4ri, vaid ka meie k\u00f5igi tulevikku!<\/p>\n\n\n\n<p>Konverentsil esinevad inspireerivate ettekannetega doktori\u00f5ppe l\u00e4binud ja praegused doktorandid. Toimuvad arutelud, kuidas doktorantuuri jooksul omandatud oskused ja teadmised on kasuks erinevates valdkondades ning sellega kaasnevatest eelistest t\u00f6\u00f6turul.<br>Paneelaruteludel jagavad esinejad oma kogemusi doktorikraadiga seotud karj\u00e4\u00e4riv\u00f5imaluste kohta nii avalikus sektoris, ettev\u00f5tluses kui mujal.<\/p>\n\n\n\n<p>Konverentsip\u00e4eva juhib ja paneeldsikussioone modereerib ajakirjanik, saatejuht ja toimetaja <strong>Joonas Hellerma<\/strong>.<br>Konverents toimub eesti keeles ingliskeelse s\u00fcnkroont\u00f5lkega.<\/p>\n\n\n\n<p><\/p>\n\n\n\n<div class=\"wp-block-aab-accordion-block aab__accordion_container\" style=\"border:1px solid #cccccc;margin-top:0px;margin-bottom:15px;border-radius:0px\"><div class=\"aab__accordion_head aab_right_icon\" data-active=\"false\" style=\"color:#333333;background-color:transparent;padding:10px 15px 10px 15px\"><div class=\"aab__accordion_heading aab_right_icon\"><h4 class=\"aab__accordion_title\" style=\"margin:0;color:#333333\">Konverentsi programm<\/h4><\/div><div class=\"aab__accordion_icon\" style=\"color:#333333;background-color:transparent\"><span class=\"aab__icon dashicons dashicons-plus-alt2\"><\/span><\/div><\/div><div class=\"aab__accordion_body \" role=\"region\" style=\"background-color:transparent;border-top:1px solid #cccccc;padding:10px 15px 10px 15px\">\n\n<figure class=\"wp-block-table is-style-regular has-small-font-size\"><table><tbody><tr><td>9:00 \u2013 9:30                                                                                                              <\/td><td>Kogunemine hommikukohvi ja suupistetega<\/td><\/tr><tr><td>9:30 \u2013 9:40<\/td><td>Tere tulemast!&nbsp;&nbsp;&nbsp;&nbsp;&nbsp;&nbsp;&nbsp;&nbsp;&nbsp;&nbsp;<br>TalTech teadusprorektor <strong>Tiit Lukk<\/strong><br>T\u00dc loodus- ja t\u00e4ppisteaduste valdkonna doktori\u00f5ppe keskuse juht, \u00f6koloogia ja maateaduste instituudi teadur \/ Doktorikooli esindaja <strong>Maris Hindrikson<\/strong><\/td><\/tr><tr><td>9:40 \u2013 10:00<\/td><td>Avas\u00f5nad<br><strong>Renno Veinthal<\/strong>, Haridus- ja Teadusministeeriumi teadus- ja arendustegevuse ning k\u00f5rg- ja kutsehariduse poliitika asekantsler<\/td><\/tr><tr><td>10:00 \u2013 11:00<\/td><td>Ettekanded teemal \u201eV\u00f5imalused ja v\u00e4ljakutsed doktorantuuris ja peale seda\u201c \/ \u201cDoktorikraadi v\u00f5lu ja valu\u201d<br><em>Ettekanded keskenduvad doktorantuuris osalemise v\u00f5imalustele ja v\u00e4ljakutsetele ning uurib, kuidas neid kogemusi saab rakendada p\u00e4rast doktorantuuri l\u00f5petamist. Kas ja kuiv\u00f5rd on doktorantuur oluline isikliku ja professionaalse kasvu seisukohalt? Kuidas doktorantuuri ajal omandatud oskused ja teadmised aitavad kaasa edaspidises karj\u00e4\u00e4ris? Milliseid v\u00f5imalusi pakub doktorantuur: p\u00e4devused, ressursid, juhendajate tugi, uurimisv\u00f5imalused, konverentsid, v\u00f5rgustikud? Milliste v\u00e4ljakutsetega tuleb silmitsi seista: aja juhtimine, stress, motivatsiooniprobleemid ja t\u00f6\u00f6-\u00f5pingute tasakaalustamine? Kuidas v\u00e4ljakutsetega toime tulla? Millised on karj\u00e4\u00e4riv\u00f5imalused peale doktorikraadi omandamist? Kas Eesti vajab doktorikraadiga tippspetsialiste?<\/em><br>Esinejad:<br>10:00 \u2013 10:30 Keemilise ja Bioloogilise F\u00fc\u00fcsika Instituudi vanemteadur <strong>Els Heinsalu<\/strong><br>10:30 \u2013 11:00 TalTech Tartu Kolled\u017ei vanemlektor; Tartu Linnavalitsuse vallaarhitekt <strong>Jiri Tintera<\/strong><\/td><\/tr><tr><td>11:00 \u2013 11:20<\/td><td>V\u00f5rgustumispaus suupistete ja kohviga<\/td><\/tr><tr><td>11:20 \u2013 12:50<\/td><td>Paneeldiskussioon <em>\u2013 \u201e<\/em>Doktorantuuri l\u00f5petanute karj\u00e4\u00e4riteed<em>\u201c<\/em><br><em>Arutelus osalevad silmapaistvad doktorikraadiga esinejad akadeemiast, t\u00f6\u00f6stusest ja avalikust sektorist. Saame teada, kuidas doktorantuuri ajal omandatud teadmised ja p\u00e4devused tulevad kasuks erinevates eluvaldkondades, kas ja kuiv\u00f5rd annavad need eelise konkurentsiv\u00f5imelisel t\u00f6\u00f6turul. Millised on ootused doktorikraadiga t\u00f6\u00f6tajale erinevates sektorites? Paneeldiskussioonis jagatakse ka kogemusi \u00fcleminekust akadeemiast ettev\u00f5tlusesse: kuidas leida endale sobiv positsioon ja panustada oma valdkonda v\u00e4ljaspool akadeemiat?<\/em><br>Panelistid:<br><strong>Ardo Hansson<\/strong>, Riigikantselei, peaministri b\u00fcroo n\u00f5unik<br><strong>Martin J\u00e4rvek\u00fclg, <\/strong>Click&amp;Grow uurimis- ja arendust\u00f6\u00f6 juht<br><strong>T\u00f5nn Talpsepp<\/strong>, TalTech majandusanal\u00fc\u00fcsi ja rahanduse instituudi kaasprofessor ning doktori\u00f5ppe programmijuht<br><strong>Allan Hani,<\/strong> R8 Technologies tegevjuht<br><strong>Maarja Merivoo Parro, <\/strong>Eesti Rahvusringh\u00e4\u00e4lingu toimetaja<\/td><\/tr><tr><td>12:50 \u2013 13:30<\/td><td>L\u00f5una ja v\u00f5rgustamine<\/td><\/tr><tr><td>13:30 \u2013 14:30<\/td><td>Doktorantide stendiettekanded, kus doktorandid tutvustavad laiemale auditooriumile oma teadust\u00f6\u00f6d ja selle m\u00f5ju (<em>real-world impact<\/em>) <br>Doktorantide koomiksid teemal \u201cMinu igap\u00e4evaelu doktorandina&#8221;<\/td><\/tr><tr><td>14:30 \u2013 15:30<\/td><td>Interaktiivne sessioon \u2013 \u201eEdulood\u201c<br><em>Doktorantuuri l\u00f5petanud ning praegused doktorandid jagavad oma isiklikke lugusid sellest, kuidas nad on oma doktorantuuri ajal omandatud teadmisi ja oskusi rakendanud erinevates valdkondades ning kujundanud v\u00f5i kujundamas oma karj\u00e4\u00e4ri vastavalt oma huvidele ja eesm\u00e4rkidele. Milliste v\u00f5imaluste ja v\u00e4ljakutsetega tuleb silmitsi seista peale doktorikraadi omandamist suundudes akadeemiast v\u00e4lja? Paneeldiskussioonis jagatakse praktilisi n\u00f5uandeid ja kogemusi praegustele ja tulevastele doktorantidele, kes kaaluvad oma karj\u00e4\u00e4ri v\u00e4ljavaateid p\u00e4rast doktorantuuri ning soovivad saada teadmisi ja inspiratsiooni senistest edulugudest.<\/em><br>Panelistid:<br><strong>Kertu Liis Krigul <\/strong>\u2013 Tartu \u00dclikooli genoomika instituudi nooremteadur<br><strong>Riin Tamm<\/strong> \u2013<strong> <\/strong>HTM noorte- ja andepoliitika osakonna juhataja<br><strong>Kristiina Urb<\/strong> \u2013 Creativity Lab\u00b4i konsultant ja projektijuht, EBS doktor<br><strong>Ott Lumi<\/strong> \u2013 META Advisory kaasasutaja ja valitsussuhete erin\u00f5ustaja<br><strong>Katriin Kristmann<\/strong> \u2013 Tallinna Tehnika\u00fclikooli doktorant-nooremteadur<\/td><\/tr><tr><td>15:30 \u2013 16:00<\/td><td>Parimate stendi-ettekannete autasustamine ja l\u00f5pps\u00f5nad<\/td><\/tr><tr><td>16:00 \u2013 17:00<\/td><td>Konverentsi l\u00f5petamine vabas \u00f5hkkonnas suupistete ja karastavate jookidega<\/td><\/tr><\/tbody><\/table><\/figure>\n\n<\/div><\/div>\n\n\n\n<hr class=\"wp-block-separator has-alpha-channel-opacity\"\/>\n\n\n\n<h2 class=\"wp-block-heading has-text-align-left\">Esinejad<\/h2>\n\n\n\n<p class=\"has-medium-font-size\"><strong>Ettekandega esinevad<\/strong><\/p>\n\n\n\n<div class=\"wp-block-columns is-layout-flex wp-container-core-columns-is-layout-28f84493 wp-block-columns-is-layout-flex\">\n<div class=\"wp-block-column is-layout-flow wp-block-column-is-layout-flow\">\n<p><strong>Els Heinsalu<\/strong><\/p>\n\n\n\n<div class=\"wp-block-columns is-layout-flex wp-container-core-columns-is-layout-28f84493 wp-block-columns-is-layout-flex\">\n<div class=\"wp-block-column is-layout-flow wp-block-column-is-layout-flow\" style=\"flex-basis:33.33%\">\n<figure class=\"wp-block-image size-full is-resized\"><img loading=\"lazy\" decoding=\"async\" width=\"490\" height=\"625\" src=\"https:\/\/www.doktorikool.ee\/wp-content\/uploads\/2024\/04\/ElsHeinsalu-002.jpg\" alt=\"\" class=\"wp-image-418\" style=\"width:190px;height:auto\" srcset=\"https:\/\/www.doktorikool.ee\/wp-content\/uploads\/2024\/04\/ElsHeinsalu-002.jpg 490w, https:\/\/www.doktorikool.ee\/wp-content\/uploads\/2024\/04\/ElsHeinsalu-002-235x300.jpg 235w, https:\/\/www.doktorikool.ee\/wp-content\/uploads\/2024\/04\/ElsHeinsalu-002-9x12.jpg 9w\" sizes=\"auto, (max-width: 490px) 100vw, 490px\" \/><\/figure>\n<\/div>\n\n\n\n<div class=\"wp-block-column is-layout-flow wp-block-column-is-layout-flow\" style=\"flex-basis:100%\">\n<p>Els (PhD teoreetilises f\u00fc\u00fcsikas, Tartu \u00dclikool, 2008) t\u00f6\u00f6tab Keemilise ja bioloogilise f\u00fc\u00fcsika instituudis vanemteadurina. Tema praegune teadust\u00f6\u00f6 on seotud komplekss\u00fcsteemidega; eesk\u00e4tt huvitab teda keelte d\u00fcnaamika, bioloogilised ja \u00f6kos\u00fcsteemid, aga ka majandusf\u00fc\u00fcsika. Ta on t\u00f6\u00f6tanud erinevates teadusasutustes Saksamaal, Itaalias, Hispaanias ja Taanis. Teda on tunnustatud nii teadlase kui ka teaduse populariseerijana.<\/p>\n<\/div>\n<\/div>\n<\/div>\n<\/div>\n\n\n\n<p><strong>Jiri Tintera<\/strong><\/p>\n\n\n\n<div class=\"wp-block-columns is-layout-flex wp-container-core-columns-is-layout-28f84493 wp-block-columns-is-layout-flex\">\n<div class=\"wp-block-column is-layout-flow wp-block-column-is-layout-flow\" style=\"flex-basis:33.33%\">\n<figure class=\"wp-block-image alignleft size-medium is-resized\"><img loading=\"lazy\" decoding=\"async\" width=\"200\" height=\"300\" src=\"https:\/\/www.doktorikool.ee\/wp-content\/uploads\/2024\/04\/J.Tintera-MeelisKobin-0559-1-200x300.jpg\" alt=\"\" class=\"wp-image-377\" style=\"aspect-ratio:3\/4;object-fit:contain;width:187px;height:auto\" srcset=\"https:\/\/www.doktorikool.ee\/wp-content\/uploads\/2024\/04\/J.Tintera-MeelisKobin-0559-1-200x300.jpg 200w, https:\/\/www.doktorikool.ee\/wp-content\/uploads\/2024\/04\/J.Tintera-MeelisKobin-0559-1-683x1024.jpg 683w, https:\/\/www.doktorikool.ee\/wp-content\/uploads\/2024\/04\/J.Tintera-MeelisKobin-0559-1-768x1152.jpg 768w, https:\/\/www.doktorikool.ee\/wp-content\/uploads\/2024\/04\/J.Tintera-MeelisKobin-0559-1-1024x1536.jpg 1024w, https:\/\/www.doktorikool.ee\/wp-content\/uploads\/2024\/04\/J.Tintera-MeelisKobin-0559-1-8x12.jpg 8w, https:\/\/www.doktorikool.ee\/wp-content\/uploads\/2024\/04\/J.Tintera-MeelisKobin-0559-1-1140x1710.jpg 1140w, https:\/\/www.doktorikool.ee\/wp-content\/uploads\/2024\/04\/J.Tintera-MeelisKobin-0559-1.jpg 1365w\" sizes=\"auto, (max-width: 200px) 100vw, 200px\" \/><\/figure>\n<\/div>\n\n\n\n<div class=\"wp-block-column is-layout-flow wp-block-column-is-layout-flow\" style=\"flex-basis:100%\">\n<p>Jiri Tintera, volitatud arhitekt. T\u00f6\u00f6tab Tartu linnavalitsuses linnaarhitektina ja Taltech Tartu Kolled\u017eis vanemlektorina. Magistrikraad omandas aastal 2007 T\u0161ehhi Tehnika \u00dclikoolis Prahas ja aastal 2019 kaitses Tallinna Tehnika\u00fclikoolis doktorit\u00f6\u00f6 v\u00e4itekirjaga \u201eKahanevate linnade elukeskkonna taaselustamine Valga linna n\u00e4itel\u201c.&nbsp;&nbsp;<\/p>\n<\/div>\n<\/div>\n\n\n\n<p><strong>Paneelis osalevad<\/strong><\/p>\n\n\n\n<p><strong>Riin Tamm<\/strong><\/p>\n\n\n\n<div class=\"wp-block-columns is-layout-flex wp-container-core-columns-is-layout-28f84493 wp-block-columns-is-layout-flex\">\n<div class=\"wp-block-column is-layout-flow wp-block-column-is-layout-flow\" style=\"flex-basis:33.32%\">\n<figure class=\"wp-block-image size-full is-resized\"><img loading=\"lazy\" decoding=\"async\" width=\"200\" height=\"200\" src=\"https:\/\/www.doktorikool.ee\/wp-content\/uploads\/2024\/04\/riin-tamm_2-1.jpg\" alt=\"\" class=\"wp-image-376\" style=\"width:241px;height:auto\" srcset=\"https:\/\/www.doktorikool.ee\/wp-content\/uploads\/2024\/04\/riin-tamm_2-1.jpg 200w, https:\/\/www.doktorikool.ee\/wp-content\/uploads\/2024\/04\/riin-tamm_2-1-150x150.jpg 150w, https:\/\/www.doktorikool.ee\/wp-content\/uploads\/2024\/04\/riin-tamm_2-1-12x12.jpg 12w, https:\/\/www.doktorikool.ee\/wp-content\/uploads\/2024\/04\/riin-tamm_2-1-75x75.jpg 75w\" sizes=\"auto, (max-width: 200px) 100vw, 200px\" \/><\/figure>\n<\/div>\n\n\n\n<div class=\"wp-block-column is-vertically-aligned-top is-layout-flow wp-block-column-is-layout-flow\" style=\"flex-basis:100%\">\n<p>Oman doktorikraadi geneetikas. Hetkel olen HTMi noorte \u2013 ja andepoliitika osakonna juhataja. Meie osakonna vastutada on \u00fcleriigiline noortepoliitika, noorsoot\u00f6\u00f6, huviharidus ning andepoliitika. Ministeeriumisse tulin Tartu \u00dclikooli teaduskooli juhi kohalt, enne seda tegin \u00fcle 10 aasta teadust Tartu \u00dclikoolis. L\u00e4bivaks teemaks minu elus on olnud noored ning nende toetamine ja v\u00f5imestamine. Seega riigi tasandil noorte heaks protsesse juhtida on puhas r\u00f5\u00f5m!<\/p>\n<\/div>\n<\/div>\n\n\n\n<p><strong>Allan Hani<\/strong><\/p>\n\n\n\n<div class=\"wp-block-columns is-layout-flex wp-container-core-columns-is-layout-28f84493 wp-block-columns-is-layout-flex\">\n<div class=\"wp-block-column is-layout-flow wp-block-column-is-layout-flow\" style=\"flex-basis:33.33%\">\n<figure class=\"wp-block-image size-full is-resized\"><img loading=\"lazy\" decoding=\"async\" width=\"800\" height=\"800\" src=\"https:\/\/www.doktorikool.ee\/wp-content\/uploads\/2024\/04\/A.Hani_.jpg\" alt=\"\" class=\"wp-image-383\" style=\"width:251px;height:auto\" srcset=\"https:\/\/www.doktorikool.ee\/wp-content\/uploads\/2024\/04\/A.Hani_.jpg 800w, https:\/\/www.doktorikool.ee\/wp-content\/uploads\/2024\/04\/A.Hani_-300x300.jpg 300w, https:\/\/www.doktorikool.ee\/wp-content\/uploads\/2024\/04\/A.Hani_-150x150.jpg 150w, https:\/\/www.doktorikool.ee\/wp-content\/uploads\/2024\/04\/A.Hani_-768x768.jpg 768w, https:\/\/www.doktorikool.ee\/wp-content\/uploads\/2024\/04\/A.Hani_-12x12.jpg 12w, https:\/\/www.doktorikool.ee\/wp-content\/uploads\/2024\/04\/A.Hani_-75x75.jpg 75w\" sizes=\"auto, (max-width: 800px) 100vw, 800px\" \/><\/figure>\n<\/div>\n\n\n\n<div class=\"wp-block-column is-layout-flow wp-block-column-is-layout-flow\" style=\"flex-basis:100%\">\n<p>Olen R8 Technologies tegevjuht ja oman \u00fcle 20 aasta kogemust kinnisvaraarenduse- ja halduse valdkonnas. Peamiselt tulevad mu teadmised innovatiivsete tehnoloogiate praktilisest rakendamisest. T\u00e4psemalt on mul ekspertiis k\u00fctte ja ventilatsiooni, energiat\u00f5hususe ja ehitusautomaatika t\u00f6\u00f6stustes. Minu kireks on tipptehnoloogiate rakendamine investeerimaks meie planeedi tulevikku.<\/p>\n<\/div>\n<\/div>\n\n\n\n<p><strong>Kertu Liis Krigul<\/strong><\/p>\n\n\n\n<div class=\"wp-block-columns is-layout-flex wp-container-core-columns-is-layout-28f84493 wp-block-columns-is-layout-flex\">\n<div class=\"wp-block-column is-layout-flow wp-block-column-is-layout-flow\" style=\"flex-basis:33.33%\">\n<figure class=\"wp-block-image size-large is-resized\"><img loading=\"lazy\" decoding=\"async\" width=\"1024\" height=\"683\" src=\"https:\/\/www.doktorikool.ee\/wp-content\/uploads\/2024\/04\/Kertu-Liis-Krigul-1024x683.jpg\" alt=\"\" class=\"wp-image-385\" style=\"width:260px;height:auto\" srcset=\"https:\/\/www.doktorikool.ee\/wp-content\/uploads\/2024\/04\/Kertu-Liis-Krigul-1024x683.jpg 1024w, https:\/\/www.doktorikool.ee\/wp-content\/uploads\/2024\/04\/Kertu-Liis-Krigul-300x200.jpg 300w, https:\/\/www.doktorikool.ee\/wp-content\/uploads\/2024\/04\/Kertu-Liis-Krigul-768x512.jpg 768w, https:\/\/www.doktorikool.ee\/wp-content\/uploads\/2024\/04\/Kertu-Liis-Krigul-1536x1024.jpg 1536w, https:\/\/www.doktorikool.ee\/wp-content\/uploads\/2024\/04\/Kertu-Liis-Krigul-18x12.jpg 18w, https:\/\/www.doktorikool.ee\/wp-content\/uploads\/2024\/04\/Kertu-Liis-Krigul-1140x760.jpg 1140w, https:\/\/www.doktorikool.ee\/wp-content\/uploads\/2024\/04\/Kertu-Liis-Krigul.jpg 2048w\" sizes=\"auto, (max-width: 1024px) 100vw, 1024px\" \/><\/figure>\n<\/div>\n\n\n\n<div class=\"wp-block-column is-layout-flow wp-block-column-is-layout-flow\" style=\"flex-basis:100%\">\n<p>Kertu Liis Krigul on mikrobioomika nooremteadur ja geenitehnoloogia 4. aasta doktorant Eesti geenivaramu teaduskeskuses, Tartu \u00dclikooli genoomika instituudis. Tema uurimissuunaks on inimeste kehas elavate mikroobide roll meie tervise kujundamisel. Kuna doktori\u00f5pingute l\u00f5pp on tal k\u00e4ega katsutav, siis on \u00f5ige aeg vaadata tagasi \u00f5pitule ja saadud kogemustele kui ka edasi t\u00f6\u00f6p\u00f5llule.<\/p>\n<\/div>\n<\/div>\n\n\n\n<p><strong>Kristiina Urb<\/strong><\/p>\n\n\n\n<div class=\"wp-block-columns is-layout-flex wp-container-core-columns-is-layout-28f84493 wp-block-columns-is-layout-flex\">\n<div class=\"wp-block-column is-layout-flow wp-block-column-is-layout-flow\" style=\"flex-basis:33.33%\">\n<figure class=\"wp-block-image size-large\"><img loading=\"lazy\" decoding=\"async\" width=\"1024\" height=\"682\" src=\"https:\/\/www.doktorikool.ee\/wp-content\/uploads\/2024\/04\/K.Urb_-1024x682.jpg\" alt=\"\" class=\"wp-image-387\" srcset=\"https:\/\/www.doktorikool.ee\/wp-content\/uploads\/2024\/04\/K.Urb_-1024x682.jpg 1024w, https:\/\/www.doktorikool.ee\/wp-content\/uploads\/2024\/04\/K.Urb_-300x200.jpg 300w, https:\/\/www.doktorikool.ee\/wp-content\/uploads\/2024\/04\/K.Urb_-768x511.jpg 768w, https:\/\/www.doktorikool.ee\/wp-content\/uploads\/2024\/04\/K.Urb_-1536x1022.jpg 1536w, https:\/\/www.doktorikool.ee\/wp-content\/uploads\/2024\/04\/K.Urb_-18x12.jpg 18w, https:\/\/www.doktorikool.ee\/wp-content\/uploads\/2024\/04\/K.Urb_-1140x759.jpg 1140w, https:\/\/www.doktorikool.ee\/wp-content\/uploads\/2024\/04\/K.Urb_.jpg 2048w\" sizes=\"auto, (max-width: 1024px) 100vw, 1024px\" \/><\/figure>\n<\/div>\n\n\n\n<div class=\"wp-block-column is-layout-flow wp-block-column-is-layout-flow\" style=\"flex-basis:100%\">\n<p>Kristiina on loomeettev\u00f5tja taustaga loomemajanduse ekspert ja publitseeriv teadlane, kellel on kogemust valdkonnas \u00fcle 15 aasta. Kristiinal on juhtimise doktorikraad Estonian Business Schoolist ning tema teadust\u00f6\u00f6 keskendub loomeettev\u00f5tluse arendamisele. Ta on aidanud ette valmistada ja juhtida mitmeid projekte nii Eestis kui ka v\u00e4lisriikides.<\/p>\n<\/div>\n<\/div>\n\n\n\n<p><strong>Maarja Merivoo-Parro<\/strong><\/p>\n\n\n\n<div class=\"wp-block-columns is-layout-flex wp-container-core-columns-is-layout-28f84493 wp-block-columns-is-layout-flex\">\n<div class=\"wp-block-column is-layout-flow wp-block-column-is-layout-flow\" style=\"flex-basis:33.33%\">\n<figure class=\"wp-block-image size-large\"><img loading=\"lazy\" decoding=\"async\" width=\"1024\" height=\"683\" src=\"https:\/\/www.doktorikool.ee\/wp-content\/uploads\/2024\/04\/Maarja-Merivoo-Parro_-foto-Kroot-Tarkmeel-1024x683.jpg\" alt=\"\" class=\"wp-image-389\" srcset=\"https:\/\/www.doktorikool.ee\/wp-content\/uploads\/2024\/04\/Maarja-Merivoo-Parro_-foto-Kroot-Tarkmeel-1024x683.jpg 1024w, https:\/\/www.doktorikool.ee\/wp-content\/uploads\/2024\/04\/Maarja-Merivoo-Parro_-foto-Kroot-Tarkmeel-300x200.jpg 300w, https:\/\/www.doktorikool.ee\/wp-content\/uploads\/2024\/04\/Maarja-Merivoo-Parro_-foto-Kroot-Tarkmeel-768x512.jpg 768w, https:\/\/www.doktorikool.ee\/wp-content\/uploads\/2024\/04\/Maarja-Merivoo-Parro_-foto-Kroot-Tarkmeel-1536x1024.jpg 1536w, https:\/\/www.doktorikool.ee\/wp-content\/uploads\/2024\/04\/Maarja-Merivoo-Parro_-foto-Kroot-Tarkmeel-18x12.jpg 18w, https:\/\/www.doktorikool.ee\/wp-content\/uploads\/2024\/04\/Maarja-Merivoo-Parro_-foto-Kroot-Tarkmeel-1140x760.jpg 1140w, https:\/\/www.doktorikool.ee\/wp-content\/uploads\/2024\/04\/Maarja-Merivoo-Parro_-foto-Kroot-Tarkmeel.jpg 2048w\" sizes=\"auto, (max-width: 1024px) 100vw, 1024px\" \/><\/figure>\n<\/div>\n\n\n\n<div class=\"wp-block-column is-layout-flow wp-block-column-is-layout-flow\" style=\"flex-basis:100%\">\n<p>Maarja elab rahvusvahelist elu teadlase, meediategelase ja loovisikuna. Ta veab Jyv\u00e4skyl\u00e4 \u00fclikoolis rahvadiplomaatia teemalist uurimisprojekti, on \u00fcks Torontosse kerkiva v\u00e4liseesti muuseumi VEMU kuraatoritest ning alustas just suure teledokkide sarjaga, mille esimene osa on ETV eetris t\u00e4navu septembris. Maarja on riiklikult tunnustatud teaduse populariseerija ja peagi ilmub tema esimene \u00f5pik kirjastuselt Koolibri.<\/p>\n<\/div>\n<\/div>\n\n\n\n<p><strong>Martin J\u00e4rvek\u00fclg<\/strong><\/p>\n\n\n\n<div class=\"wp-block-columns is-layout-flex wp-container-core-columns-is-layout-28f84493 wp-block-columns-is-layout-flex\">\n<div class=\"wp-block-column is-layout-flow wp-block-column-is-layout-flow\" style=\"flex-basis:33.33%\">\n<figure class=\"wp-block-image size-full is-resized\"><img loading=\"lazy\" decoding=\"async\" width=\"674\" height=\"674\" src=\"https:\/\/www.doktorikool.ee\/wp-content\/uploads\/2024\/04\/M.Jarvekulg.jpg\" alt=\"\" class=\"wp-image-419\" style=\"width:217px;height:auto\" srcset=\"https:\/\/www.doktorikool.ee\/wp-content\/uploads\/2024\/04\/M.Jarvekulg.jpg 674w, https:\/\/www.doktorikool.ee\/wp-content\/uploads\/2024\/04\/M.Jarvekulg-300x300.jpg 300w, https:\/\/www.doktorikool.ee\/wp-content\/uploads\/2024\/04\/M.Jarvekulg-150x150.jpg 150w, https:\/\/www.doktorikool.ee\/wp-content\/uploads\/2024\/04\/M.Jarvekulg-12x12.jpg 12w, https:\/\/www.doktorikool.ee\/wp-content\/uploads\/2024\/04\/M.Jarvekulg-75x75.jpg 75w\" sizes=\"auto, (max-width: 674px) 100vw, 674px\" \/><\/figure>\n<\/div>\n\n\n\n<div class=\"wp-block-column is-layout-flow wp-block-column-is-layout-flow\" style=\"flex-basis:100%\">\n<p>Martin sai materjaliteaduse erialal doktorikraadi Tartu \u00fclikoolist 2011. aastal. Juba \u00f5pingute ajal kaldus ta oma tegemistes rakenduslike teemade ja projektide poole. Ta on t\u00f6\u00f6tanud teadlase ja projektijuhina tehnoloogia arenduskeskustes, asutanud ise iduettev\u00f5tteid, n\u00f5ustanud tudengeid ettev\u00f5tluse juures ning huvitunud \u00fcldisemalt teadmussiirdest nano-, kosmose-, bio- ja biop\u00f5histe tehnoloogiate valdkondades. Viimased 4 aastat on Martin juhtinud Click &amp; Grow teadus- ja arendust\u00f6\u00f6d.<\/p>\n<\/div>\n<\/div>\n\n\n\n<p><strong>Ardo Hansson<\/strong><\/p>\n\n\n\n<div class=\"wp-block-columns is-layout-flex wp-container-core-columns-is-layout-28f84493 wp-block-columns-is-layout-flex\">\n<div class=\"wp-block-column is-layout-flow wp-block-column-is-layout-flow\" style=\"flex-basis:33.33%\">\n<figure class=\"wp-block-image size-full is-resized\"><img loading=\"lazy\" decoding=\"async\" width=\"472\" height=\"591\" src=\"https:\/\/www.doktorikool.ee\/wp-content\/uploads\/2024\/04\/Ardo-Hansson-2018.jpg\" alt=\"\" class=\"wp-image-420\" style=\"width:208px;height:auto\" srcset=\"https:\/\/www.doktorikool.ee\/wp-content\/uploads\/2024\/04\/Ardo-Hansson-2018.jpg 472w, https:\/\/www.doktorikool.ee\/wp-content\/uploads\/2024\/04\/Ardo-Hansson-2018-240x300.jpg 240w, https:\/\/www.doktorikool.ee\/wp-content\/uploads\/2024\/04\/Ardo-Hansson-2018-10x12.jpg 10w\" sizes=\"auto, (max-width: 472px) 100vw, 472px\" \/><\/figure>\n<\/div>\n\n\n\n<div class=\"wp-block-column is-layout-flow wp-block-column-is-layout-flow\" style=\"flex-basis:100%\">\n<p>Ardo on Eesti majandusteadlane. Hetkel t\u00f6\u00f6tab Eesti Vabariigi peaministri n\u00f5unikuna. Aastatel 2012\u20132019 oli Eesti Panga president ja seega Euroopa Keskpanga n\u00f5ukogu liige. Tal on majandusteaduse doktorikraad Harvardi \u00fclikoolist. Varasemalt t\u00f6\u00f6tas \u00f5ppej\u00f5una v\u00f5i teadurina Kanada, Soome ja Rootsi \u00fclikoolides v\u00f5i instituutides, vaheldumisi ka Eesti riigiasutustes. Aastatel 1998 kuni 2012 t\u00f6\u00f6tas Maailmapangas.<\/p>\n<\/div>\n<\/div>\n\n\n\n<p><strong>T\u00f5nn Talpsepa<\/strong><\/p>\n\n\n\n<div class=\"wp-block-columns is-layout-flex wp-container-core-columns-is-layout-28f84493 wp-block-columns-is-layout-flex\">\n<div class=\"wp-block-column is-layout-flow wp-block-column-is-layout-flow\" style=\"flex-basis:33.33%\">\n<figure class=\"wp-block-image size-large is-resized\"><img loading=\"lazy\" decoding=\"async\" width=\"681\" height=\"1024\" src=\"https:\/\/www.doktorikool.ee\/wp-content\/uploads\/2024\/04\/TTalpsepp-681x1024.jpg\" alt=\"\" class=\"wp-image-436\" style=\"width:178px;height:auto\" srcset=\"https:\/\/www.doktorikool.ee\/wp-content\/uploads\/2024\/04\/TTalpsepp-681x1024.jpg 681w, https:\/\/www.doktorikool.ee\/wp-content\/uploads\/2024\/04\/TTalpsepp-200x300.jpg 200w, https:\/\/www.doktorikool.ee\/wp-content\/uploads\/2024\/04\/TTalpsepp-768x1154.jpg 768w, https:\/\/www.doktorikool.ee\/wp-content\/uploads\/2024\/04\/TTalpsepp-1022x1536.jpg 1022w, https:\/\/www.doktorikool.ee\/wp-content\/uploads\/2024\/04\/TTalpsepp-1363x2048.jpg 1363w, https:\/\/www.doktorikool.ee\/wp-content\/uploads\/2024\/04\/TTalpsepp-8x12.jpg 8w, https:\/\/www.doktorikool.ee\/wp-content\/uploads\/2024\/04\/TTalpsepp-1140x1713.jpg 1140w, https:\/\/www.doktorikool.ee\/wp-content\/uploads\/2024\/04\/TTalpsepp-scaled.jpg 1703w\" sizes=\"auto, (max-width: 681px) 100vw, 681px\" \/><\/figure>\n<\/div>\n\n\n\n<div class=\"wp-block-column is-layout-flow wp-block-column-is-layout-flow\" style=\"flex-basis:100%\">\n<p>T\u00f5nn on TalTechi majandusanal\u00fc\u00fcsi ja rahanduse instituudi finantstehnoloogia kaasprofessor, olles varasemalt t\u00f6\u00f6tanud ka TalTechi tarkvarateaduse instituudis, Aalto ning Z\u00fcrichi \u00fclikoolis ning finantssektoris. Tema uurimist\u00f6\u00f6 keskendub k\u00e4itumuslikule rahandusele ning suurandmete kasutamisele majanduses, peamiselt seotuna finantsturgudega. Ta on kolme populaarse eestikeelse rahatarkuse ning investeerimisraamatu ja -\u00f5piku autor ning tema juhendatud doktorit\u00f6\u00f6 on valitud Eesti parimaks tudengit\u00f6\u00f6ks.<\/p>\n<\/div>\n<\/div>\n\n\n\n<p><strong>Ott Lumi<\/strong><\/p>\n\n\n\n<div class=\"wp-block-columns is-layout-flex wp-container-core-columns-is-layout-28f84493 wp-block-columns-is-layout-flex\">\n<div class=\"wp-block-column is-layout-flow wp-block-column-is-layout-flow\" style=\"flex-basis:33.33%\">\n<figure class=\"wp-block-image size-full is-resized\"><img loading=\"lazy\" decoding=\"async\" width=\"375\" height=\"620\" src=\"https:\/\/www.doktorikool.ee\/wp-content\/uploads\/2024\/05\/O.Lumi_.png\" alt=\"\" class=\"wp-image-470\" style=\"width:148px;height:auto\" srcset=\"https:\/\/www.doktorikool.ee\/wp-content\/uploads\/2024\/05\/O.Lumi_.png 375w, https:\/\/www.doktorikool.ee\/wp-content\/uploads\/2024\/05\/O.Lumi_-181x300.png 181w, https:\/\/www.doktorikool.ee\/wp-content\/uploads\/2024\/05\/O.Lumi_-7x12.png 7w\" sizes=\"auto, (max-width: 375px) 100vw, 375px\" \/><\/figure>\n<\/div>\n\n\n\n<div class=\"wp-block-column is-layout-flow wp-block-column-is-layout-flow\" style=\"flex-basis:100%\">\n<p>Ott on s\u00fcndinud 1. detsembril 1978 Tallinnas, ta on endine Eesti poliitik ning praegune valitsussuhete n\u00f5ustaja ja politoloog. Ta on t\u00f6\u00f6tanud erakonna Res Publica poliitilise sekret\u00e4rina,&nbsp; peasekret\u00e4rina ja Isamaa ja Res Publica Liidu kaaspeasekret\u00e4rina, samuti peaministri n\u00f5unikuna. 2007. aasta valimistel valiti Lumi XI Riigikogu koosseisu, kuid ta lahkus 2009. aastal parlamendist ja suundudes ettev\u00f5tlusse. Ta oli valitsussuhete ettev\u00f5tte Meta Advisory Group \u00fcks kaasasutaja ja t\u00f6\u00f6tab ettev\u00f5ttes valitsussuhete erin\u00f5ustajana. Lumi on kaitsnud Tallinna \u00dclikoolis teemal &#8220;Eesti demokraatlike institutsioonide j\u00e4tkusuutlikkuse allikad ja v\u00f5imalikud kriisifaktorid \u2013 t\u00f5lgendused j\u00e4reldemokraatia ja institutsionalismi teooriate prisma l\u00e4bi&#8221;. Hetkel t\u00f6\u00f6tab k\u00fclalislektorina Tallinna \u00dclikoolis. Ta Tallinna \u00dclikooli Kirjastuse Biblioteca Politica teaduskolleegiumi liige.<\/p>\n<\/div>\n<\/div>\n\n\n\n<hr class=\"wp-block-separator has-alpha-channel-opacity\"\/>\n\n\n\n<p><strong>KONVERENTSI TOIMUMISKOHT (Tallinna Tehnika\u00fclikool)<\/strong><\/p>\n\n\n\n<figure class=\"wp-block-image aligncenter size-large\"><img loading=\"lazy\" decoding=\"async\" width=\"1024\" height=\"575\" src=\"https:\/\/www.doktorikool.ee\/wp-content\/uploads\/2024\/04\/TalTech-linnak-1024x575.jpg\" alt=\"\" class=\"wp-image-406\" srcset=\"https:\/\/www.doktorikool.ee\/wp-content\/uploads\/2024\/04\/TalTech-linnak-1024x575.jpg 1024w, https:\/\/www.doktorikool.ee\/wp-content\/uploads\/2024\/04\/TalTech-linnak-300x168.jpg 300w, https:\/\/www.doktorikool.ee\/wp-content\/uploads\/2024\/04\/TalTech-linnak-768x431.jpg 768w, https:\/\/www.doktorikool.ee\/wp-content\/uploads\/2024\/04\/TalTech-linnak-18x10.jpg 18w, https:\/\/www.doktorikool.ee\/wp-content\/uploads\/2024\/04\/TalTech-linnak-1140x640.jpg 1140w, https:\/\/www.doktorikool.ee\/wp-content\/uploads\/2024\/04\/TalTech-linnak.jpg 1502w\" sizes=\"auto, (max-width: 1024px) 100vw, 1024px\" \/><\/figure>\n\n\n\n<p>1918. aastal asutatud Tallinna Tehnika\u00fclikool (TalTech) on Eesti inseneri- ja IT-teaduse ning -hariduse lipulaev, mis pakub k\u00f5rgharidust k\u00f5ikidel astmetel inseneri ja tehnikateadustes, infotehnoloogias, majanduses, loodusteadustes, ja merenduses. TalTechi missioon on olla teaduse, tehnoloogia ja innovatsiooni edendaja ning juhtiv inseneri- ja majandushariduse andja Eestis. TalTech on ka muutumas moodsaks digilinnakuks, mis pakub laialdasi v\u00f5imalusi targa linna arendamiseks ning on testpol\u00fcgoniks Eesti ettev\u00f5tetele oma lahenduste testimiseks.<\/p>\n\n\n\n<p>Oma looduskauni asukohaga Mustam\u00e4el on TalTech on ainus campus-t\u00fc\u00fcpi \u00fclikool Baltimaades. Siin on rahvusvaheliselt k\u00f5rgetasemeline \u00f5ppe- ja teadustaristu ning \u00fcks Baltikumi moodsamaid raamatukogusid. TalTechi linnakus asuvad innovatsiooni- ja ettev\u00f5tluskeskus Mektory ning Tallinna Teaduspark Tehnopol, kus kohtuvad teadlased, \u00fcli\u00f5pilased ja ettev\u00f5tjad, et lahendada praktilisi tootearendusprobleeme ning genereerida uusi tulevikku vaatavaid ideid.<\/p>\n\n\n\n<p><a href=\"https:\/\/virtuaaltuur.taltech.ee\/?_ga=2.112844992.570557225.1714028731-955158956.1699441080\"><mark style=\"background-color:rgba(0, 0, 0, 0)\" class=\"has-inline-color has-vivid-cyan-blue-color\">Vaata TalTechi virtuaaltuuri<\/mark><\/a><\/p>\n\n\n\n<hr class=\"wp-block-separator has-alpha-channel-opacity\"\/>\n\n\n\n<p><strong>KONTAKT<\/strong><\/p>\n\n\n\n<p>K\u00fcsimuste korral palun v\u00f5ta \u00fchendust <a href=\"mailto:tiina.hagen@taltech.ee\"><mark style=\"background-color:rgba(0, 0, 0, 0)\" class=\"has-inline-color has-vivid-cyan-blue-color\">tiina.hagen@taltech.ee<\/mark><\/a><\/p>\n\n\n\n<div style=\"height:56px\" aria-hidden=\"true\" class=\"wp-block-spacer\"><\/div>\n","protected":false},"excerpt":{"rendered":"<p>TalTechi eestvedamisel toimub j\u00e4rjekorras teine doktorantide karj\u00e4\u00e4rikonverents, kuhu on oodatud k\u00f5ik Eesti doktorandid ja doktori\u00f5ppest huvitatud. T\u00e4navune konverents toimub k\u00f5ikide Eesti \u00fclikoolide koost\u00f6\u00f6s&nbsp;Eesti doktorikooli&nbsp;raames. Konverentsi eesm\u00e4rk on esile tuua doktorikraadi [&hellip;]<\/p>\n","protected":false},"author":1,"featured_media":0,"parent":1600,"menu_order":0,"comment_status":"closed","ping_status":"closed","template":"","meta":{"inline_featured_image":false,"_EventAllDay":false,"_EventTimezone":"","_EventStartDate":"","_EventEndDate":"","_EventStartDateUTC":"","_EventEndDateUTC":"","_EventShowMap":false,"_EventShowMapLink":false,"_EventURL":"","_EventCost":"","_EventCostDescription":"","_EventCurrencySymbol":"","_EventCurrencyCode":"","_EventCurrencyPosition":"","_EventDateTimeSeparator":"","_EventTimeRangeSeparator":"","_EventOrganizerID":[],"_EventVenueID":[],"_OrganizerEmail":"","_OrganizerPhone":"","_OrganizerWebsite":"","_VenueAddress":"","_VenueCity":"","_VenueCountry":"","_VenueProvince":"","_VenueState":"","_VenueZip":"","_VenuePhone":"","_VenueURL":"","_VenueStateProvince":"","_VenueLat":"","_VenueLng":"","_VenueShowMap":false,"_VenueShowMapLink":false,"footnotes":""},"class_list":["post-305","page","type-page","status-publish","hentry"],"_links":{"self":[{"href":"https:\/\/www.doktorikool.ee\/et\/wp-json\/wp\/v2\/pages\/305","targetHints":{"allow":["GET"]}}],"collection":[{"href":"https:\/\/www.doktorikool.ee\/et\/wp-json\/wp\/v2\/pages"}],"about":[{"href":"https:\/\/www.doktorikool.ee\/et\/wp-json\/wp\/v2\/types\/page"}],"author":[{"embeddable":true,"href":"https:\/\/www.doktorikool.ee\/et\/wp-json\/wp\/v2\/users\/1"}],"replies":[{"embeddable":true,"href":"https:\/\/www.doktorikool.ee\/et\/wp-json\/wp\/v2\/comments?post=305"}],"version-history":[{"count":63,"href":"https:\/\/www.doktorikool.ee\/et\/wp-json\/wp\/v2\/pages\/305\/revisions"}],"predecessor-version":[{"id":1638,"href":"https:\/\/www.doktorikool.ee\/et\/wp-json\/wp\/v2\/pages\/305\/revisions\/1638"}],"up":[{"embeddable":true,"href":"https:\/\/www.doktorikool.ee\/et\/wp-json\/wp\/v2\/pages\/1600"}],"wp:attachment":[{"href":"https:\/\/www.doktorikool.ee\/et\/wp-json\/wp\/v2\/media?parent=305"}],"curies":[{"name":"wp","href":"https:\/\/api.w.org\/{rel}","templated":true}]}}