{"id":695,"date":"2024-08-30T16:36:02","date_gmt":"2024-08-30T13:36:02","guid":{"rendered":"https:\/\/www.doktorikool.ee\/?page_id=695"},"modified":"2025-05-05T14:09:42","modified_gmt":"2025-05-05T11:09:42","slug":"humanitaarteadused-ja-kunstid","status":"publish","type":"page","link":"https:\/\/www.doktorikool.ee\/et\/valdkondlikud-harud\/humanitaarteadused-ja-kunstid\/","title":{"rendered":"Humanitaarteadused ja kunstid"},"content":{"rendered":"\n<div style=\"height:13px\" aria-hidden=\"true\" class=\"wp-block-spacer\"><\/div>\n\n\n\n<p><strong>Doktorikooli humanitaarteaduste ja kunstide haru <\/strong>\u00fchendab k\u00f5iki humanitaar- ja looverialade doktorante ja edasij\u00f5udnud magistrante neljast Eesti \u00fclikoolist \u2013 Tallinna \u00dclikoolist, Tartu \u00dclikoolist, Eesti Kunstiakadeemiast ja Eesti Muusika- ja Teatriakadeemiast.<\/p>\n\n\n\n<div class=\"wp-block-columns is-layout-flex wp-container-core-columns-is-layout-28f84493 wp-block-columns-is-layout-flex\">\n<div class=\"wp-block-column is-layout-flow wp-block-column-is-layout-flow\">\n<p class=\"has-text-align-left\">Haru eesm\u00e4rgiks on toetada doktorantide erialast ettevalmistust, \u00fcldp\u00e4devuste arendamist ja t\u00f6\u00f6d v\u00e4itekirjaga. \u00dchtlasi on sooviks aidata kaasa valdkonna\u00fclese suhtluse s\u00fcvendamisele, \u00fclikoolide vahelisele koost\u00f6\u00f6le ja juhendamiskvaliteedi t\u00f5stmisele. Selleks korraldatakse mitmesuguseid akadeemilisi \u00fcritusi, sh talvekoole, kirjutamislaagreid, seminare, t\u00f6\u00f6tube, konverentse ja koolitusi. Samuti vahendab haru Eestisse rahvusvahelisi eksperte ja panustab doktori\u00f5pingute rahvusvahelistumisse.<\/p>\n<\/div>\n\n\n\n<div class=\"wp-block-column is-layout-flow wp-block-column-is-layout-flow\">\n<figure class=\"wp-block-image size-large\"><img loading=\"lazy\" decoding=\"async\" width=\"1024\" height=\"840\" src=\"https:\/\/www.doktorikool.ee\/wp-content\/uploads\/2024\/10\/HK_haru_Teadusnoukogu_2024-1024x840.jpg\" alt=\"\" class=\"wp-image-1339\" srcset=\"https:\/\/www.doktorikool.ee\/wp-content\/uploads\/2024\/10\/HK_haru_Teadusnoukogu_2024-1024x840.jpg 1024w, https:\/\/www.doktorikool.ee\/wp-content\/uploads\/2024\/10\/HK_haru_Teadusnoukogu_2024-300x246.jpg 300w, https:\/\/www.doktorikool.ee\/wp-content\/uploads\/2024\/10\/HK_haru_Teadusnoukogu_2024-768x630.jpg 768w, https:\/\/www.doktorikool.ee\/wp-content\/uploads\/2024\/10\/HK_haru_Teadusnoukogu_2024-1536x1260.jpg 1536w, https:\/\/www.doktorikool.ee\/wp-content\/uploads\/2024\/10\/HK_haru_Teadusnoukogu_2024-2048x1680.jpg 2048w, https:\/\/www.doktorikool.ee\/wp-content\/uploads\/2024\/10\/HK_haru_Teadusnoukogu_2024-15x12.jpg 15w\" sizes=\"auto, (max-width: 1024px) 100vw, 1024px\" \/><figcaption class=\"wp-element-caption\">Valdkonna teadusn\u00f5ukogu<\/figcaption><\/figure>\n<\/div>\n<\/div>\n\n\n\n<p><strong>Valdkonna teadusn\u00f5ukogu<\/strong><\/p>\n\n\n\n<ul class=\"wp-block-list\">\n<li>Tallinna \u00dclikool (juhtpartner) \u2013 Marek Tamm, Indrek Ibrus<\/li>\n\n\n\n<li>Tartu \u00dclikool \u2013 Riho Altnurme, Raili Marling<\/li>\n\n\n\n<li>Eesti Kunstiakadeemia \u2013 Andres Kurg<\/li>\n\n\n\n<li>Eesti Muusika- ja Teatriakadeemia \u2013 Kristel Pappel<\/li>\n<\/ul>\n\n\n\n<div style=\"height:18px\" aria-hidden=\"true\" class=\"wp-block-spacer\"><\/div>\n","protected":false},"excerpt":{"rendered":"<p>Doktorikooli humanitaarteaduste ja kunstide haru \u00fchendab k\u00f5iki humanitaar- ja looverialade doktorante ja edasij\u00f5udnud magistrante neljast Eesti \u00fclikoolist \u2013 Tallinna \u00dclikoolist, Tartu \u00dclikoolist, Eesti Kunstiakadeemiast ja Eesti Muusika- ja Teatriakadeemiast. Haru [&hellip;]<\/p>\n","protected":false},"author":1,"featured_media":0,"parent":526,"menu_order":0,"comment_status":"closed","ping_status":"closed","template":"","meta":{"inline_featured_image":false,"_EventAllDay":false,"_EventTimezone":"","_EventStartDate":"","_EventEndDate":"","_EventStartDateUTC":"","_EventEndDateUTC":"","_EventShowMap":false,"_EventShowMapLink":false,"_EventURL":"","_EventCost":"","_EventCostDescription":"","_EventCurrencySymbol":"","_EventCurrencyCode":"","_EventCurrencyPosition":"","_EventDateTimeSeparator":"","_EventTimeRangeSeparator":"","_EventOrganizerID":[],"_EventVenueID":[],"_OrganizerEmail":"","_OrganizerPhone":"","_OrganizerWebsite":"","_VenueAddress":"","_VenueCity":"","_VenueCountry":"","_VenueProvince":"","_VenueState":"","_VenueZip":"","_VenuePhone":"","_VenueURL":"","_VenueStateProvince":"","_VenueLat":"","_VenueLng":"","_VenueShowMap":false,"_VenueShowMapLink":false,"footnotes":""},"class_list":["post-695","page","type-page","status-publish","hentry"],"_links":{"self":[{"href":"https:\/\/www.doktorikool.ee\/et\/wp-json\/wp\/v2\/pages\/695","targetHints":{"allow":["GET"]}}],"collection":[{"href":"https:\/\/www.doktorikool.ee\/et\/wp-json\/wp\/v2\/pages"}],"about":[{"href":"https:\/\/www.doktorikool.ee\/et\/wp-json\/wp\/v2\/types\/page"}],"author":[{"embeddable":true,"href":"https:\/\/www.doktorikool.ee\/et\/wp-json\/wp\/v2\/users\/1"}],"replies":[{"embeddable":true,"href":"https:\/\/www.doktorikool.ee\/et\/wp-json\/wp\/v2\/comments?post=695"}],"version-history":[{"count":14,"href":"https:\/\/www.doktorikool.ee\/et\/wp-json\/wp\/v2\/pages\/695\/revisions"}],"predecessor-version":[{"id":3050,"href":"https:\/\/www.doktorikool.ee\/et\/wp-json\/wp\/v2\/pages\/695\/revisions\/3050"}],"up":[{"embeddable":true,"href":"https:\/\/www.doktorikool.ee\/et\/wp-json\/wp\/v2\/pages\/526"}],"wp:attachment":[{"href":"https:\/\/www.doktorikool.ee\/et\/wp-json\/wp\/v2\/media?parent=695"}],"curies":[{"name":"wp","href":"https:\/\/api.w.org\/{rel}","templated":true}]}}