{"id":4028,"date":"2025-10-27T17:14:11","date_gmt":"2025-10-27T15:14:11","guid":{"rendered":"https:\/\/www.doktorikool.ee\/?post_type=tribe_events&#038;p=4028"},"modified":"2025-10-27T17:14:12","modified_gmt":"2025-10-27T15:14:12","slug":"kulalisloeng-kriitilise-taristu-torked-hadaolukordades-ja-uhiskonna-reageerimine","status":"publish","type":"tribe_events","link":"https:\/\/www.doktorikool.ee\/et\/uritused\/kulalisloeng-kriitilise-taristu-torked-hadaolukordades-ja-uhiskonna-reageerimine\/","title":{"rendered":"K\u00fclalisloeng &#8220;Kriitilise taristu t\u00f5rked h\u00e4daolukordades ja \u00fchiskonna reageerimine&#8221;"},"content":{"rendered":"<div  class=\"tribe-events-schedule tribe-clearfix\" >\n\t<p class=\"tribe-events-schedule__datetime\">\n\t\t<span class=\"tribe-events-schedule__date tribe-events-schedule__date--start\">\n\t\t\t10\/11\/2025\t\t<\/span>\n\n\t\t\t\t\t<span class=\"tribe-events-schedule__separator tribe-events-schedule__separator--date\">\n\t\t\t\t \t\t\t<\/span>\n\t\t\t<span class=\"tribe-events-schedule__time tribe-events-schedule__time--start\">\n\t\t\t\t16:15\t\t\t<\/span>\n\t\t\n\t\t\t\t\t\t\t\t\t<span class=\"tribe-events-schedule__separator tribe-events-schedule__separator--time\">\n\t\t\t\t\t &#8211; \t\t\t\t<\/span>\n\t\t\t\n\t\t\t\t\t\t\t<span class=\"tribe-events-schedule__time tribe-events-schedule__time--end\">\n\t\t\t\t\t17:45\t\t\t\t<\/span>\n\t\t\t\n\t\t\t\t\t\t<\/p>\n<\/div>\n\n\n\n<p>\ud83d\udccd<strong>Lossi 36-205, Tartu<\/strong> <strong>v\u00f5i Zoomis<\/strong> <strong>(<span style=\"text-decoration: underline;\"><a href=\"https:\/\/ut-ee.zoom.us\/j\/97920888787?pwd=Dz3N1382uHFMorXZnSbMINsASZpGtw.1\" data-type=\"link\" data-id=\"https:\/\/ut-ee.zoom.us\/j\/97920888787?pwd=Dz3N1382uHFMorXZnSbMINsASZpGtw.1\" target=\"_blank\" rel=\"noreferrer noopener\">link<\/a><\/span>)<\/strong><\/p>\n\n\n\n<p>\u00c4\u00e4rmuslikud ilmaolud, pandeemiad, k\u00fcberr\u00fcnnakud ja muud h\u00e4ired paljastavad \u00fcha selgemalt, kui s\u00fcgavalt on meie \u00fchiskonnad omavahel seotud. Kui \u00fcks s\u00fcsteem, olgu see energia-, vee-, toidu- v\u00f5i kommunikatsiooniv\u00f5rk, t\u00f5rgub, kanduvad selle m\u00f5jud edasi teistesse s\u00fcsteemidesse, v\u00f5imendades riske ootamatutel viisidel. Need m\u00f5jude ahelad toovad n\u00e4htavale nii meie kriitilise taristu kui ka inimeste haavatavuse ja kerksuse.<\/p>\n\n\n\n<p>See avalik loeng k\u00e4sitleb, kuidas ahelm\u00f5jud kujunevad, miks s\u00fcsteemsed riskid ja \u201cmitmikkriisid\u201d seavad traditsioonilise kriisiohje proovile ning mida on vaja, et tugevdada koost\u00f6\u00f6d eri sektorite ja valdkondade vahel. Tuginedes uusimale teadust\u00f6\u00f6le ja praktilistele n\u00e4idetele, osutab loeng, kuidas keeruliste s\u00fcsteemide m\u00f5istmine, ja nende \u201ct\u00f5lkimine\u201d otsustajatele, teadlastele ja kodanikele, aitab paremini valmistuda ebakindla tuleviku v\u00e4ljakutseteks.<\/p>\n\n\n\n<p>\u00d5ppej\u00f5ud &#8211; <strong>Alexander Fekete<\/strong> on riski- ja kriisiohje professor K\u00f6lni Rakendusk\u00f5rgkoolis. Tema uurimist\u00f6\u00f6 kuulub julgeolekuvaldkonda ning keskendub loodus\u00f5nnetustele, nagu \u00fcleujutused, maav\u00e4rinad ja maalihked. Eelk\u00f5ige uurib ta nende m\u00f5jusid kannatanud inimestele, aga ka elektrivarustuse ja tarneahelate t\u00f5rkeid. Ta on t\u00f6\u00f6tanud \u00fclikoolides, \u00dcRO Organisatsioonis ning Saksamaa F\u00f6deraalses Elanikkonnakaitse ja Katastroofiabi Ametis.<\/p>\n\n\n\n<p>K\u00fcsimuste korral palume p\u00f6\u00f6rduda Darja Maskini poole, <span style=\"text-decoration: underline;\"><a href=\"mailto:darja.maskin@ut.ee\">darja.maskin@ut.ee<\/a><\/span>.<\/p>\n\n\n\n<p>Eesti doktorikooli sotsiaalteaduste haru.<\/p>\n\n\n\t<div  class=\"tribe-block tribe-block__events-link\" >\n\t\t<div class=\"tribe-events tribe-common\">\n\t\t\t<div class=\"tribe-events-c-subscribe-dropdown__container\">\n\t\t\t\t<div class=\"tribe-events-c-subscribe-dropdown\">\n\t\t\t\t\t<div class=\"tribe-common-c-btn-border tribe-events-c-subscribe-dropdown__button\">\n\t\t\t\t\t\t<svg\n\t class=\"tribe-common-c-svgicon tribe-common-c-svgicon--cal-export tribe-events-c-subscribe-dropdown__export-icon\" \taria-hidden=\"true\"\n\tviewBox=\"0 0 23 17\"\n\txmlns=\"http:\/\/www.w3.org\/2000\/svg\"\n>\n\t<path fill-rule=\"evenodd\" clip-rule=\"evenodd\" d=\"M.128.896V16.13c0 .211.145.383.323.383h15.354c.179 0 .323-.172.323-.383V.896c0-.212-.144-.383-.323-.383H.451C.273.513.128.684.128.896Zm16 6.742h-.901V4.679H1.009v10.729h14.218v-3.336h.901V7.638ZM1.01 1.614h14.218v2.058H1.009V1.614Z\" \/>\n\t<path d=\"M20.5 9.846H8.312M18.524 6.953l2.89 2.909-2.855 2.855\" stroke-width=\"1.2\" stroke-linecap=\"round\" stroke-linejoin=\"round\"\/>\n<\/svg>\n\t\t\t\t\t\t<button\n\t\t\t\t\t\t\tclass=\"tribe-events-c-subscribe-dropdown__button-text\"\n\t\t\t\t\t\t\taria-expanded=\"false\"\n\t\t\t\t\t\t\taria-controls=\"tribe-events-subscribe-dropdown-content\"\n\t\t\t\t\t\t\taria-label=\"View links to add events to your calendar\"\n\t\t\t\t\t\t>\n\t\t\t\t\t\t\tAdd to calendar\t\t\t\t\t\t<\/button>\n\t\t\t\t\t\t<svg\n\t class=\"tribe-common-c-svgicon tribe-common-c-svgicon--caret-down tribe-events-c-subscribe-dropdown__button-icon\" \taria-hidden=\"true\"\n\tviewBox=\"0 0 10 7\"\n\txmlns=\"http:\/\/www.w3.org\/2000\/svg\"\n>\n\t<path fill-rule=\"evenodd\" clip-rule=\"evenodd\" d=\"M1.008.609L5 4.6 8.992.61l.958.958L5 6.517.05 1.566l.958-.958z\" class=\"tribe-common-c-svgicon__svg-fill\"\/>\n<\/svg>\n\t\t\t\t\t<\/div>\n\t\t\t\t\t<div id=\"tribe-events-subscribe-dropdown-content\" class=\"tribe-events-c-subscribe-dropdown__content\">\n\t\t\t\t\t\t<ul class=\"tribe-events-c-subscribe-dropdown__list\">\n\t\t\t\t\t\t\t\t\t\t\t\t\t\t\t<li class=\"tribe-events-c-subscribe-dropdown__list-item tribe-events-c-subscribe-dropdown__list-item--gcal\">\n\t\t\t\t\t\t\t\t\t<a\n\t\t\t\t\t\t\t\t\t\thref=\"https:\/\/www.google.com\/calendar\/event?action=TEMPLATE&#038;dates=20251110T161500\/20251110T174500&#038;text=K%C3%BClalisloeng%20%26%238220%3BKriitilise%20taristu%20t%C3%B5rked%20h%C3%A4daolukordades%20ja%20%C3%BChiskonna%20reageerimine%26%238221%3B&#038;details=%3Cp%3E%F0%9F%93%8D%3Cstrong%3ELossi+36-205%2C+Tartu%3C%2Fstrong%3E+%3Cstrong%3Ev%C3%B5i+Zoomis%3C%2Fstrong%3E+%3Cstrong%3E%28%3Cspan+style%3D%22text-decoration%3A+underline%3B%22%3E%3Ca+href%3D%22https%3A%2F%2Fut-ee.zoom.us%2Fj%2F97920888787%3Fpwd%3DDz3N1382uHFMorXZnSbMINsASZpGtw.1%22+data-type%3D%22link%22+data-id%3D%22https%3A%2F%2Fut-ee.zoom.us%2Fj%2F97920888787%3Fpwd%3DDz3N1382uHFMorXZnSbMINsASZpGtw.1%22+target%3D%22_blank%22+rel%3D%22noreferrer+noopener%22%3Elink%3C%2Fa%3E%3C%2Fspan%3E%29%3C%2Fstrong%3E%3C%2Fp%3E+%3Cp%3E%C3%84%C3%A4rmuslikud+ilmaolud%2C+pandeemiad%2C+k%C3%BCberr%C3%BCnnakud+ja+muud+h%C3%A4ired+paljastavad+%C3%BCha+selgemalt%2C+kui+s%C3%BCgavalt+on+meie+%C3%BChiskonnad+omavahel+seotud.+Kui+%C3%BCks+s%C3%BCsteem%2C+olgu+see+energia-%2C+vee-%2C+toidu-+v%C3%B5i+kommunikatsiooniv%C3%B5rk%2C+t%C3%B5rgub%2C+kanduvad+selle+m%C3%B5jud+edasi+teistesse+s%C3%BCsteemidesse%2C+v%C3%B5imendades+riske+ootamatutel+viisidel.+Need+m%C3%B5jude+ahelad+toovad+n%C3%A4htavale+nii+meie+kriitilise+taristu+kui+ka+inimeste+haavatavuse+ja+kerksuse.%3C%2Fp%3E+%3Cp%3ESee+avalik+loeng+k%C3%A4sitleb%2C+kuidas+ahelm%C3%B5jud+kujunevad%2C+miks+s%C3%BCsteemsed+riskid+ja+%E2%80%9Cmitmikkriisid%E2%80%9D+seavad+traditsioonilise+kriisiohje+proovile+ning+mida+o%3C%2Fp%3E+%28View+Full+event+Description+Here%3A+https%3A%2F%2Fwww.doktorikool.ee%2Fet%2Furitused%2Fkulalisloeng-kriitilise-taristu-torked-hadaolukordades-ja-uhiskonna-reageerimine%2F%29&#038;trp=false&#038;ctz=Europe\/Tallinn&#038;sprop=website:https:\/\/www.doktorikool.ee\/et\"\n\t\t\t\t\t\t\t\t\t\tclass=\"tribe-events-c-subscribe-dropdown__list-item-link\"\n\t\t\t\t\t\t\t\t\t\ttarget=\"_blank\"\n\t\t\t\t\t\t\t\t\t\trel=\"noopener noreferrer nofollow noindex\"\n\t\t\t\t\t\t\t\t\t>\n\t\t\t\t\t\t\t\t\t\tGoogle Calendar\t\t\t\t\t\t\t\t\t<\/a>\n\t\t\t\t\t\t\t\t<\/li>\n\t\t\t\t\t\t\t\t\t\t\t\t\t\t\t<li class=\"tribe-events-c-subscribe-dropdown__list-item tribe-events-c-subscribe-dropdown__list-item--ical\">\n\t\t\t\t\t\t\t\t\t<a\n\t\t\t\t\t\t\t\t\t\thref=\"\"\n\t\t\t\t\t\t\t\t\t\tclass=\"tribe-events-c-subscribe-dropdown__list-item-link\"\n\t\t\t\t\t\t\t\t\t\ttarget=\"_blank\"\n\t\t\t\t\t\t\t\t\t\trel=\"noopener noreferrer nofollow noindex\"\n\t\t\t\t\t\t\t\t\t>\n\t\t\t\t\t\t\t\t\t\tiCalendar\t\t\t\t\t\t\t\t\t<\/a>\n\t\t\t\t\t\t\t\t<\/li>\n\t\t\t\t\t\t\t\t\t\t\t\t\t\t\t<li class=\"tribe-events-c-subscribe-dropdown__list-item tribe-events-c-subscribe-dropdown__list-item--outlook-365\">\n\t\t\t\t\t\t\t\t\t<a\n\t\t\t\t\t\t\t\t\t\thref=\"\"\n\t\t\t\t\t\t\t\t\t\tclass=\"tribe-events-c-subscribe-dropdown__list-item-link\"\n\t\t\t\t\t\t\t\t\t\ttarget=\"_blank\"\n\t\t\t\t\t\t\t\t\t\trel=\"noopener noreferrer nofollow noindex\"\n\t\t\t\t\t\t\t\t\t>\n\t\t\t\t\t\t\t\t\t\tOutlook 365\t\t\t\t\t\t\t\t\t<\/a>\n\t\t\t\t\t\t\t\t<\/li>\n\t\t\t\t\t\t\t\t\t\t\t\t\t\t\t<li class=\"tribe-events-c-subscribe-dropdown__list-item tribe-events-c-subscribe-dropdown__list-item--outlook-live\">\n\t\t\t\t\t\t\t\t\t<a\n\t\t\t\t\t\t\t\t\t\thref=\"\"\n\t\t\t\t\t\t\t\t\t\tclass=\"tribe-events-c-subscribe-dropdown__list-item-link\"\n\t\t\t\t\t\t\t\t\t\ttarget=\"_blank\"\n\t\t\t\t\t\t\t\t\t\trel=\"noopener noreferrer nofollow noindex\"\n\t\t\t\t\t\t\t\t\t>\n\t\t\t\t\t\t\t\t\t\tOutlook Live\t\t\t\t\t\t\t\t\t<\/a>\n\t\t\t\t\t\t\t\t<\/li>\n\t\t\t\t\t\t\t\t\t\t\t\t\t<\/ul>\n\t\t\t\t\t<\/div>\n\t\t\t\t<\/div>\n\t\t\t<\/div>\n\t\t<\/div>\n\t<\/div>\n\n","protected":false},"excerpt":{"rendered":"<p>\ud83d\udccdLossi 36-205, Tartu v\u00f5i Zoomis (link) \u00c4\u00e4rmuslikud ilmaolud, pandeemiad, k\u00fcberr\u00fcnnakud ja muud h\u00e4ired paljastavad \u00fcha selgemalt, kui s\u00fcgavalt on meie \u00fchiskonnad omavahel seotud. Kui \u00fcks s\u00fcsteem, olgu see energia-, vee-, [&hellip;]<\/p>\n","protected":false},"author":1,"featured_media":0,"template":"","meta":{"inline_featured_image":false,"_EventAllDay":false,"_EventTimezone":"Europe\/Tallinn","_EventStartDate":"2025-11-10 16:15:00","_EventEndDate":"2025-11-10 17:45:00","_EventStartDateUTC":"2025-11-10 14:15:00","_EventEndDateUTC":"2025-11-10 15:45:00","_EventShowMap":false,"_EventShowMapLink":false,"_EventURL":"","_EventCost":"","_EventCostDescription":"","_EventCurrencySymbol":"$","_EventCurrencyCode":"USD","_EventCurrencyPosition":"prefix","_EventDateTimeSeparator":" ","_EventTimeRangeSeparator":" - ","_EventOrganizerID":[],"_EventVenueID":[],"_OrganizerEmail":"","_OrganizerPhone":"","_OrganizerWebsite":"","_VenueAddress":"","_VenueCity":"","_VenueCountry":"","_VenueProvince":"","_VenueState":"","_VenueZip":"","_VenuePhone":"","_VenueURL":"","_VenueStateProvince":"","_VenueLat":"","_VenueLng":"","_VenueShowMap":false,"_VenueShowMapLink":false,"_tribe_events_status":"","_tribe_events_status_reason":"","footnotes":""},"tags":[],"tribe_events_cat":[],"class_list":["post-4028","tribe_events","type-tribe_events","status-publish","hentry"],"_links":{"self":[{"href":"https:\/\/www.doktorikool.ee\/et\/wp-json\/wp\/v2\/tribe_events\/4028","targetHints":{"allow":["GET"]}}],"collection":[{"href":"https:\/\/www.doktorikool.ee\/et\/wp-json\/wp\/v2\/tribe_events"}],"about":[{"href":"https:\/\/www.doktorikool.ee\/et\/wp-json\/wp\/v2\/types\/tribe_events"}],"author":[{"embeddable":true,"href":"https:\/\/www.doktorikool.ee\/et\/wp-json\/wp\/v2\/users\/1"}],"version-history":[{"count":4,"href":"https:\/\/www.doktorikool.ee\/et\/wp-json\/wp\/v2\/tribe_events\/4028\/revisions"}],"predecessor-version":[{"id":4032,"href":"https:\/\/www.doktorikool.ee\/et\/wp-json\/wp\/v2\/tribe_events\/4028\/revisions\/4032"}],"wp:attachment":[{"href":"https:\/\/www.doktorikool.ee\/et\/wp-json\/wp\/v2\/media?parent=4028"}],"wp:term":[{"taxonomy":"post_tag","embeddable":true,"href":"https:\/\/www.doktorikool.ee\/et\/wp-json\/wp\/v2\/tags?post=4028"},{"taxonomy":"tribe_events_cat","embeddable":true,"href":"https:\/\/www.doktorikool.ee\/et\/wp-json\/wp\/v2\/tribe_events_cat?post=4028"}],"curies":[{"name":"wp","href":"https:\/\/api.w.org\/{rel}","templated":true}]}}