{"id":4630,"date":"2026-03-06T23:00:26","date_gmt":"2026-03-06T21:00:26","guid":{"rendered":"https:\/\/www.doktorikool.ee\/?post_type=tribe_events&#038;p=4630"},"modified":"2026-04-10T18:54:19","modified_gmt":"2026-04-10T15:54:19","slug":"haridusteaduste-doktorioppe-kevadkool","status":"publish","type":"tribe_events","link":"https:\/\/www.doktorikool.ee\/et\/uritused\/haridusteaduste-doktorioppe-kevadkool\/","title":{"rendered":"Haridusteaduste doktori\u00f5ppe kevadkool"},"content":{"rendered":"<div  class=\"tribe-events-schedule tribe-clearfix\" >\n\t<p class=\"tribe-events-schedule__datetime\">\n\t\t<span class=\"tribe-events-schedule__date tribe-events-schedule__date--start\">\n\t\t\t29\/04\t\t<\/span>\n\n\t\t\t\t\t<span class=\"tribe-events-schedule__separator tribe-events-schedule__separator--date\">\n\t\t\t\t \t\t\t<\/span>\n\t\t\t<span class=\"tribe-events-schedule__time tribe-events-schedule__time--start\">\n\t\t\t\t10:00\t\t\t<\/span>\n\t\t\n\t\t\t\t\t\t\t\t\t<span class=\"tribe-events-schedule__separator tribe-events-schedule__separator--time\">\n\t\t\t\t\t &#8211; \t\t\t\t<\/span>\n\t\t\t\n\t\t\t\t\t\t\t<span class=\"tribe-events-schedule__date tribe-events-schedule__date--end\">\n\t\t\t\t\t30\/04\t\t\t\t<\/span>\n\n\t\t\t\t\t\t\t\t\t<span class=\"tribe-events-schedule__separator tribe-events-schedule__separator--date\">\n\t\t\t\t\t\t \t\t\t\t\t<\/span>\n\t\t\t\t\t<span class=\"tribe-events-schedule__time tribe-events-schedule__time--end\">\n\t\t\t\t\t\t16:00\t\t\t\t\t<\/span>\n\t\t\t\t\n\t\t\t\n\t\t\t\t\t\t<\/p>\n<\/div>\n\n\n\n<p>\ud83d\udccd <strong>Tartu \u00dclikooli haridusteaduste instituut (Jakobi 5, Tartu)<\/strong><\/p>\n\n\n\n<p><em>Kevadkooli t\u00f6\u00f6keel on eesti keel, v\u00f5\u00f5rkeelsetele doktorantidele v\u00f5imaldatakse osaline sosint\u00f5lge.<\/em><\/p>\n\n\n\n<p>Kahe p\u00e4eva jooksul tutvustavad haridusteaduste doktorandid oma t\u00f6id ettekannetega ja \u00fcmarlaudades.<\/p>\n\n\n\n<p>Kevadkooli avab m\u00f5ttevahetus teemal \u201c\u00d5ppimine ja \u00f5petamine tehisaru, kriiside ja innovatsiooni ajastul\u201d. Teisel p\u00e4eval toimuvad ka paralleelsed t\u00f6\u00f6toad, kus arutleme j\u00e4rgmistel olulistel teemadel: \u201cTehisaru t\u00f5hus ja eetiline kasutamine teadust\u00f6\u00f6s\u201d ning \u201cPs\u00fchholoogiline vastupidavus ja kohanemine\u201d.<\/p>\n\n\n\n<div class=\"wp-block-aab-accordion-block aab__accordion_container  accessibilityOn\" style=\"margin-top:0px;margin-bottom:15px;border:1px solid #bcb6b638\" id=\"aab_accordion_34d30c7c_0\" role=\"button\" aria-expanded=\"false\" tabindex=\"0\"><div class=\"aab__accordion_head aab_right_icon \" style=\"background-color:#bcb6b638;border-top:none;border-right:none;border-bottom:none;border-left:none\"><div class=\"aab__accordion_heading aab_right_icon aab_right_link\"><div class=\"head_content_wrapper\"><div class=\"title_wrapper\"><h5 class=\"aab__accordion_title\" style=\"margin:0\"><strong>Ajakava<\/strong><\/h5><\/div><\/div><\/div><div class=\"aab__accordion_icon\" style=\"border:0px solid transparent\"><span class=\"aab__icon dashicons dashicons-plus-alt2\" style=\"font-size:23px\"><\/span><\/div><\/div><div class=\"aab__accordion_body  \" role=\"region\" style=\"display:none;border-top:1px solid #bcb6b638;border-right:none;border-bottom:none;border-left:none\"><div class=\"aab__accordion_component\">\n<figure class=\"wp-block-table\"><table class=\"has-fixed-layout\"><tbody><tr><td colspan=\"2\"><strong>Kolmap\u00e4ev, 29. aprill&nbsp;<\/strong>&nbsp;<\/td><\/tr><tr><td>09.30\u201310.00&nbsp;<\/td><td>Kogunemine, tervituskohv&nbsp;&nbsp;<\/td><\/tr><tr><td>10.00\u201311.00&nbsp;<\/td><td><strong>Paneeldiskussioon\u202f<\/strong><br>\u201e\u00d5ppimine ja \u00f5petamine tehisaru ja kriiside ajastul\u201c<br>Panelistid\u00a0Triin Lauri (TL\u00dc),\u00a0Andero\u00a0Uusberg\u00a0(T\u00dc), Marit Puusepp (T\u00dc), Margus\u00a0Pedaste\u00a0(T\u00dc);\u00a0modereerib\u00a0\u00c4li\u00a0Leijen\u00a0(T\u00dc)\u00a0<\/td><\/tr><tr><td>11.05\u201312.30&nbsp;<\/td><td>Suulised ettekanded&nbsp;&nbsp;<\/td><\/tr><tr><td>12.30\u201313.30&nbsp;<\/td><td>L\u00f5una&nbsp;&nbsp;<\/td><\/tr><tr><td>13.30\u201315.00&nbsp;<\/td><td>Arutelud \u00fcmarlaudades&nbsp;<\/td><\/tr><tr><td>15.00\u201315.30&nbsp;&nbsp;<\/td><td>Kohvi- ja liikumispaus&nbsp;&nbsp;<\/td><\/tr><tr><td>15.30\u201317.00&nbsp;<\/td><td>Arutelud \u00fcmarlaudades&nbsp;<\/td><\/tr><tr><td>17.30\u201318.30&nbsp;<\/td><td>\u00d5htus\u00f6\u00f6k&nbsp;&nbsp;<\/td><\/tr><tr><td>18.30\u201323.00&nbsp;<\/td><td>Meelelahutusprogramm&nbsp;ja vaba suhtlus&nbsp;<\/td><\/tr><\/tbody><\/table><\/figure>\n\n\n\n<hr class=\"wp-block-separator has-alpha-channel-opacity\"\/>\n\n\n\n<figure class=\"wp-block-table\"><table class=\"has-fixed-layout\"><tbody><tr><td colspan=\"2\"><strong>Neljap\u00e4ev, 30. aprill&nbsp;<\/strong>&nbsp;<\/td><\/tr><tr><td>09.00\u20139.30&nbsp;<\/td><td>Kogunemine, tervituskohv&nbsp;&nbsp;<\/td><\/tr><tr><td>9.30\u201311.00&nbsp;<\/td><td>Arutelud \u00fcmarlaudades&nbsp;<\/td><\/tr><tr><td>11.05\u201312.45&nbsp;<\/td><td>Suulised ettekanded&nbsp;&nbsp;<\/td><\/tr><tr><td>12.30\u201313.30&nbsp;<\/td><td>L\u00f5una&nbsp;&nbsp;<\/td><\/tr><tr><td>13.30\u201315.00&nbsp;<\/td><td><strong>T\u00f6\u00f6toad<\/strong>&nbsp;<\/td><\/tr><tr><td>&nbsp;<\/td><td>1. \u201eTehisaru t\u00f5hus ja eetiline kasutamine teadust\u00f6\u00f6s\u201c&nbsp;Koolitaja Eda-Riin\u202fTuuling<br>2. \u201ePs\u00fchholoogiline vastupidavus ja kohanemine\u201c&nbsp;Koolitaja Ethel&nbsp;Rosenfeldt&nbsp;<\/td><\/tr><tr><td>15.00\u201315.30&nbsp;<\/td><td>Kohvi- ja liikumispaus&nbsp;&nbsp;<\/td><\/tr><tr><td>15.30\u201315.45&nbsp;<\/td><td>L\u00f5petamine&nbsp;<\/td><\/tr><\/tbody><\/table><\/figure>\n<\/div><\/div><\/div>\n\n\n\n<p>Ettekannete tegijate registreerimine on suletud!<br><em>Registreeri <a href=\"https:\/\/forms.cloud.microsoft\/pages\/responsepage.aspx?id=F2M1bQQNvEq2toyXc4hbsOxYTS2AtwVPqq8FKGagXvBURVZYOVhRVFcySU5XVEtHNk81VTFHM0NCQS4u&amp;route=shortur\"><strong><span style=\"text-decoration: underline;\">SIIN<\/span><\/strong><\/a>. Registreerimise t\u00e4htaeg on <strong>30. m\u00e4rts 2026<\/strong>.<\/em><\/p>\n\n\n\n<p><strong>Kuulajad<\/strong> saavad registreerida <strong><span style=\"text-decoration: underline;\"><a href=\"https:\/\/forms.cloud.microsoft\/e\/M9iYWVKjSu\" data-type=\"link\" data-id=\"https:\/\/forms.cloud.microsoft\/e\/M9iYWVKjSu\" target=\"_blank\" rel=\"noreferrer noopener\">SIIN<\/a><\/span><\/strong>. Registreerimise t\u00e4htaeg on <strong>20. aprill 2026<\/strong>. Osalejate piirarv on 50 inimest.<\/p>\n\n\n\n<p>K\u00fcsimuste korral palume p\u00f6\u00f6rduda: Maarja Vaikmaa, <a href=\"mailto:maarja.vaikmaa@ut.ee\"><span style=\"text-decoration: underline;\">maarja.vaikmaa@ut.ee<\/span><\/a><\/p>\n\n\n\n<p>Eesti doktorikooli sotsiaalteaduste haru.<\/p>\n\n\n\n\n\n\n\n\n\t<div  class=\"tribe-block tribe-block__events-link\" >\n\t\t<div class=\"tribe-events tribe-common\">\n\t\t\t<div class=\"tribe-events-c-subscribe-dropdown__container\">\n\t\t\t\t<div class=\"tribe-events-c-subscribe-dropdown\">\n\t\t\t\t\t<div class=\"tribe-common-c-btn-border tribe-events-c-subscribe-dropdown__button\">\n\t\t\t\t\t\t<svg\n\t class=\"tribe-common-c-svgicon tribe-common-c-svgicon--cal-export tribe-events-c-subscribe-dropdown__export-icon\" \taria-hidden=\"true\"\n\tviewBox=\"0 0 23 17\"\n\txmlns=\"http:\/\/www.w3.org\/2000\/svg\"\n>\n\t<path fill-rule=\"evenodd\" clip-rule=\"evenodd\" d=\"M.128.896V16.13c0 .211.145.383.323.383h15.354c.179 0 .323-.172.323-.383V.896c0-.212-.144-.383-.323-.383H.451C.273.513.128.684.128.896Zm16 6.742h-.901V4.679H1.009v10.729h14.218v-3.336h.901V7.638ZM1.01 1.614h14.218v2.058H1.009V1.614Z\" \/>\n\t<path d=\"M20.5 9.846H8.312M18.524 6.953l2.89 2.909-2.855 2.855\" stroke-width=\"1.2\" stroke-linecap=\"round\" stroke-linejoin=\"round\"\/>\n<\/svg>\n\t\t\t\t\t\t<button\n\t\t\t\t\t\t\tclass=\"tribe-events-c-subscribe-dropdown__button-text\"\n\t\t\t\t\t\t\taria-expanded=\"false\"\n\t\t\t\t\t\t\taria-controls=\"tribe-events-subscribe-dropdown-content\"\n\t\t\t\t\t\t\taria-label=\"View links to add events to your calendar\"\n\t\t\t\t\t\t>\n\t\t\t\t\t\t\tAdd to calendar\t\t\t\t\t\t<\/button>\n\t\t\t\t\t\t<svg\n\t class=\"tribe-common-c-svgicon tribe-common-c-svgicon--caret-down tribe-events-c-subscribe-dropdown__button-icon\" \taria-hidden=\"true\"\n\tviewBox=\"0 0 10 7\"\n\txmlns=\"http:\/\/www.w3.org\/2000\/svg\"\n>\n\t<path fill-rule=\"evenodd\" clip-rule=\"evenodd\" d=\"M1.008.609L5 4.6 8.992.61l.958.958L5 6.517.05 1.566l.958-.958z\" class=\"tribe-common-c-svgicon__svg-fill\"\/>\n<\/svg>\n\t\t\t\t\t<\/div>\n\t\t\t\t\t<div id=\"tribe-events-subscribe-dropdown-content\" class=\"tribe-events-c-subscribe-dropdown__content\">\n\t\t\t\t\t\t<ul class=\"tribe-events-c-subscribe-dropdown__list\">\n\t\t\t\t\t\t\t\t\t\t\t\t\t\t\t<li class=\"tribe-events-c-subscribe-dropdown__list-item tribe-events-c-subscribe-dropdown__list-item--gcal\">\n\t\t\t\t\t\t\t\t\t<a\n\t\t\t\t\t\t\t\t\t\thref=\"https:\/\/www.google.com\/calendar\/event?action=TEMPLATE&#038;dates=20260429T100000\/20260430T160000&#038;text=Haridusteaduste%20doktori%C3%B5ppe%20kevadkool&#038;details=%3Cp%3E%F0%9F%93%8D+%3Cstrong%3ETartu+%C3%9Clikooli+haridusteaduste+instituut+%28Jakobi+5%2C+Tartu%29%3C%2Fstrong%3E%3C%2Fp%3E+%3Cp%3E%3Cem%3EKevadkooli+t%C3%B6%C3%B6keel+on+eesti+keel%2C+v%C3%B5%C3%B5rkeelsetele+doktorantidele+v%C3%B5imaldatakse+osaline+sosint%C3%B5lge.%3C%2Fem%3E%3C%2Fp%3E+%3Cp%3EKahe+p%C3%A4eva+jooksul+tutvustavad+haridusteaduste+doktorandid+oma+t%C3%B6id+ettekannetega+ja+%C3%BCmarlaudades.%3C%2Fp%3E+%3Cp%3EKevadkooli+avab+m%C3%B5ttevahetus+teemal+%E2%80%9C%C3%95ppimine+ja+%C3%B5petamine+tehisaru%2C+kriiside+ja+innovatsiooni+ajastul%E2%80%9D.+Teisel+p%C3%A4eval+toimuvad+ka+paralleelsed+t%C3%B6%C3%B6toad%2C+kus+arutleme+j%C3%A4rgmistel+olulistel+teemadel%3A+%E2%80%9CTehisaru+t%C3%B5hus+ja+eetiline+kasutamine+teadust%C3%B6%C3%B6s%E2%80%9D+ning+%E2%80%9CPs%C3%BChholoogiline+vastupidavus+ja+kohanemine%E2%80%9D.%3C%2Fp%3E+%3Cdiv+class%3D%22wp-block-aab-accordion-block+aab__accordion_container++accessibilityOn%22+style%3D%22margin-top%3A0px%3Bmargin-bottom%3A15px%3Bborder%3A1px+solid+%23bcb6b638%22+id%3D%22aab_accordion_34d30c7c_0%22+role%3D%22button%22+aria-expanded%3D%22false%22+tabindex%3D%220%22%3E%3Cdiv+class%3D%22aab__accordion_head+aab_right_icon+%22+style%3D%22background-color%3A%23bcb6b638%3Bborder-top%3Anone%3C%2Fdiv%3E+%28View+Full+event+Description+Here%3A+https%3A%2F%2Fwww.doktorikool.ee%2Fet%2Furitused%2Fharidusteaduste-doktorioppe-kevadkool%2F%29&#038;location=T\u00dc%20haridusteaduste%20instituut%20(Jakobi%205,%20Tartu)&#038;trp=false&#038;ctz=Europe\/Tallinn&#038;sprop=website:https:\/\/www.doktorikool.ee\/et\"\n\t\t\t\t\t\t\t\t\t\tclass=\"tribe-events-c-subscribe-dropdown__list-item-link\"\n\t\t\t\t\t\t\t\t\t\ttarget=\"_blank\"\n\t\t\t\t\t\t\t\t\t\trel=\"noopener noreferrer nofollow noindex\"\n\t\t\t\t\t\t\t\t\t>\n\t\t\t\t\t\t\t\t\t\tGoogle Calendar\t\t\t\t\t\t\t\t\t<\/a>\n\t\t\t\t\t\t\t\t<\/li>\n\t\t\t\t\t\t\t\t\t\t\t\t\t\t\t<li class=\"tribe-events-c-subscribe-dropdown__list-item tribe-events-c-subscribe-dropdown__list-item--ical\">\n\t\t\t\t\t\t\t\t\t<a\n\t\t\t\t\t\t\t\t\t\thref=\"\"\n\t\t\t\t\t\t\t\t\t\tclass=\"tribe-events-c-subscribe-dropdown__list-item-link\"\n\t\t\t\t\t\t\t\t\t\ttarget=\"_blank\"\n\t\t\t\t\t\t\t\t\t\trel=\"noopener noreferrer nofollow noindex\"\n\t\t\t\t\t\t\t\t\t>\n\t\t\t\t\t\t\t\t\t\tiCalendar\t\t\t\t\t\t\t\t\t<\/a>\n\t\t\t\t\t\t\t\t<\/li>\n\t\t\t\t\t\t\t\t\t\t\t\t\t\t\t<li class=\"tribe-events-c-subscribe-dropdown__list-item tribe-events-c-subscribe-dropdown__list-item--outlook-365\">\n\t\t\t\t\t\t\t\t\t<a\n\t\t\t\t\t\t\t\t\t\thref=\"\"\n\t\t\t\t\t\t\t\t\t\tclass=\"tribe-events-c-subscribe-dropdown__list-item-link\"\n\t\t\t\t\t\t\t\t\t\ttarget=\"_blank\"\n\t\t\t\t\t\t\t\t\t\trel=\"noopener noreferrer nofollow noindex\"\n\t\t\t\t\t\t\t\t\t>\n\t\t\t\t\t\t\t\t\t\tOutlook 365\t\t\t\t\t\t\t\t\t<\/a>\n\t\t\t\t\t\t\t\t<\/li>\n\t\t\t\t\t\t\t\t\t\t\t\t\t\t\t<li class=\"tribe-events-c-subscribe-dropdown__list-item tribe-events-c-subscribe-dropdown__list-item--outlook-live\">\n\t\t\t\t\t\t\t\t\t<a\n\t\t\t\t\t\t\t\t\t\thref=\"\"\n\t\t\t\t\t\t\t\t\t\tclass=\"tribe-events-c-subscribe-dropdown__list-item-link\"\n\t\t\t\t\t\t\t\t\t\ttarget=\"_blank\"\n\t\t\t\t\t\t\t\t\t\trel=\"noopener noreferrer nofollow noindex\"\n\t\t\t\t\t\t\t\t\t>\n\t\t\t\t\t\t\t\t\t\tOutlook Live\t\t\t\t\t\t\t\t\t<\/a>\n\t\t\t\t\t\t\t\t<\/li>\n\t\t\t\t\t\t\t\t\t\t\t\t\t<\/ul>\n\t\t\t\t\t<\/div>\n\t\t\t\t<\/div>\n\t\t\t<\/div>\n\t\t<\/div>\n\t<\/div>\n\n","protected":false},"excerpt":{"rendered":"<p>\ud83d\udccd Tartu \u00dclikooli haridusteaduste instituut (Jakobi 5, Tartu) Kevadkooli t\u00f6\u00f6keel on eesti keel, v\u00f5\u00f5rkeelsetele doktorantidele v\u00f5imaldatakse osaline sosint\u00f5lge. Kahe p\u00e4eva jooksul tutvustavad haridusteaduste doktorandid oma t\u00f6id ettekannetega ja \u00fcmarlaudades. Kevadkooli [&hellip;]<\/p>\n","protected":false},"author":4,"featured_media":0,"template":"","meta":{"inline_featured_image":false,"_EventAllDay":false,"_EventTimezone":"Europe\/Tallinn","_EventStartDate":"2026-04-29 10:00:00","_EventEndDate":"2026-04-30 16:00:00","_EventStartDateUTC":"2026-04-29 07:00:00","_EventEndDateUTC":"2026-04-30 13:00:00","_EventShowMap":false,"_EventShowMapLink":false,"_EventURL":"","_EventCost":"","_EventCostDescription":"","_EventCurrencySymbol":"$","_EventCurrencyCode":"USD","_EventCurrencyPosition":"prefix","_EventDateTimeSeparator":" ","_EventTimeRangeSeparator":" - ","_EventOrganizerID":[],"_EventVenueID":[4631],"_OrganizerEmail":"","_OrganizerPhone":"","_OrganizerWebsite":"","_VenueAddress":"","_VenueCity":"","_VenueCountry":"","_VenueProvince":"","_VenueState":"","_VenueZip":"","_VenuePhone":"","_VenueURL":"","_VenueStateProvince":"","_VenueLat":"","_VenueLng":"","_VenueShowMap":false,"_VenueShowMapLink":false,"_tribe_events_status":"","_tribe_events_status_reason":"","footnotes":""},"tags":[24],"tribe_events_cat":[15],"class_list":["post-4630","tribe_events","type-tribe_events","status-publish","hentry","tag-sotsiaalteadused","tribe_events_cat-suhtlus","cat_suhtlus"],"_links":{"self":[{"href":"https:\/\/www.doktorikool.ee\/et\/wp-json\/wp\/v2\/tribe_events\/4630","targetHints":{"allow":["GET"]}}],"collection":[{"href":"https:\/\/www.doktorikool.ee\/et\/wp-json\/wp\/v2\/tribe_events"}],"about":[{"href":"https:\/\/www.doktorikool.ee\/et\/wp-json\/wp\/v2\/types\/tribe_events"}],"author":[{"embeddable":true,"href":"https:\/\/www.doktorikool.ee\/et\/wp-json\/wp\/v2\/users\/4"}],"version-history":[{"count":20,"href":"https:\/\/www.doktorikool.ee\/et\/wp-json\/wp\/v2\/tribe_events\/4630\/revisions"}],"predecessor-version":[{"id":4933,"href":"https:\/\/www.doktorikool.ee\/et\/wp-json\/wp\/v2\/tribe_events\/4630\/revisions\/4933"}],"wp:attachment":[{"href":"https:\/\/www.doktorikool.ee\/et\/wp-json\/wp\/v2\/media?parent=4630"}],"wp:term":[{"taxonomy":"post_tag","embeddable":true,"href":"https:\/\/www.doktorikool.ee\/et\/wp-json\/wp\/v2\/tags?post=4630"},{"taxonomy":"tribe_events_cat","embeddable":true,"href":"https:\/\/www.doktorikool.ee\/et\/wp-json\/wp\/v2\/tribe_events_cat?post=4630"}],"curies":[{"name":"wp","href":"https:\/\/api.w.org\/{rel}","templated":true}]}}