{"id":4731,"date":"2026-03-24T10:34:51","date_gmt":"2026-03-24T08:34:51","guid":{"rendered":"https:\/\/www.doktorikool.ee\/?post_type=tribe_events&#038;p=4731"},"modified":"2026-03-24T10:36:23","modified_gmt":"2026-03-24T08:36:23","slug":"avalik-loeng-oigus-jaada-oigus-edeneda-alternatiivsed-tulevikuvaljavaated-euroopa-maapiirkondade-noortele","status":"publish","type":"tribe_events","link":"https:\/\/www.doktorikool.ee\/et\/uritused\/avalik-loeng-oigus-jaada-oigus-edeneda-alternatiivsed-tulevikuvaljavaated-euroopa-maapiirkondade-noortele\/","title":{"rendered":"Avalik loeng: \u201e\u00d5igus j\u00e4\u00e4da, \u00f5igus edeneda? Alternatiivsed tulevikuv\u00e4ljavaated Euroopa maapiirkondade noortele\u201c"},"content":{"rendered":"<div  class=\"tribe-events-schedule tribe-clearfix\" >\n\t<p class=\"tribe-events-schedule__datetime\">\n\t\t<span class=\"tribe-events-schedule__date tribe-events-schedule__date--start\">\n\t\t\t15\/04\t\t<\/span>\n\n\t\t\t\t\t<span class=\"tribe-events-schedule__separator tribe-events-schedule__separator--date\">\n\t\t\t\t \t\t\t<\/span>\n\t\t\t<span class=\"tribe-events-schedule__time tribe-events-schedule__time--start\">\n\t\t\t\t12:15\t\t\t<\/span>\n\t\t\n\t\t\t\t\t\t\t\t\t<span class=\"tribe-events-schedule__separator tribe-events-schedule__separator--time\">\n\t\t\t\t\t &#8211; \t\t\t\t<\/span>\n\t\t\t\n\t\t\t\t\t\t\t<span class=\"tribe-events-schedule__time tribe-events-schedule__time--end\">\n\t\t\t\t\t13:45\t\t\t\t<\/span>\n\t\t\t\n\t\t\t\t\t\t<\/p>\n<\/div>\n\n\n\n<p>\ud83d\udccd<strong>Tartu, Lossi 36, ruum 207<\/strong> ja <strong><a href=\"https:\/\/ut-ee.zoom.us\/j\/95858455993?pwd=pDEXl7AtkHGNG7G6s8tzGeN2qwuRNx.1\" data-type=\"link\" data-id=\"https:\/\/ut-ee.zoom.us\/j\/95858455993?pwd=pDEXl7AtkHGNG7G6s8tzGeN2qwuRNx.1\" target=\"_blank\" rel=\"noreferrer noopener\"><span style=\"text-decoration: underline;\">Zoomis<\/span><\/a><\/strong><\/p>\n\n\n\n<p><em>Loeng toimub inglise keeles<\/em>.<\/p>\n\n\n\n<p>Euroopa maapiirkonnad seisavad silmitsi oluliste demograafiliste muutustega, mis tulenevad eelk\u00f5ige vananevast rahvastikust ning linnadest paremaid haridus- ja t\u00f6\u00f6v\u00f5imalusi otsivate noorte v\u00e4ljar\u00e4ndest. Selle tulemusena on maapiirkondade noored muutunud \u00fcha huvipakkuvamaks nii poliitikakujunduses kui ka teadusuuringutes. Minu ettekanne annab \u00fclevaate, kuidas maapiirkondade noored kujutavad ette oma tulevikku mitmes olulises valdkonnas. See k\u00e4sitlus \u00fchendab teadmisi mitmest hiljutisest uurimisprojektist, mida olen juhtinud. Nende hulka kuuluvad Euroopa N\u00f5ukogu ja Euroopa Komisjoni vahelise noortevaldkonna partnerluse &nbsp;raporti v\u00e4rskeimad j\u00e4reldused maapiirkondade noorte \u00fcleminekutest t\u00e4iskasvanuellu, projekti Future Youth Information for Rural Areas (<span style=\"text-decoration: underline;\"><a href=\"https:\/\/euryo.org\/fyir\/\" target=\"_blank\" rel=\"noreferrer noopener\">https:\/\/euryo.org\/fyir\/<\/a><\/span>) peamised tulemused ning &nbsp;European Rural Youth Observatory (<span style=\"text-decoration: underline;\"><a href=\"https:\/\/www.euryo.org\/web\/\" target=\"_blank\" rel=\"noreferrer noopener\">https:\/\/www.euryo.org\/web\/<\/a><\/span>) andmed.<\/p>\n\n\n\n<p>Nende allikate p\u00f5hjal pakub minu ettekanne tervikliku ja ajakohase raamistiku peamistest suundumustest, mis m\u00f5jutavad maapiirkondade noorte liikuvust, t\u00f6\u00f6h\u00f5ivet, haridust ja \u00fchiskondlikku osalust.<\/p>\n\n\n\n<p>Loengut peab <strong>Francisco Sim\u00f5es (PhD)<\/strong>, kes on Lissaboni \u00dclikooli Instituudis (ISCTE&nbsp; \u2013 University Institute of Lisbon) tegutseva sotsiaaluuringute ja -sekkumise keskuse juhtivteadur ning teadusv\u00f5rgustiku European Rural Youth Observatory esimees (2024\u20132026). Tema teadust\u00f6\u00f6 keskmes on noorte \u00fcleminekud haridusest t\u00f6\u00f6ellu, sh eelk\u00f5ige sotsiaalne kaasatus, heaolu ning haavatavate noorte \u2014 n\u00e4iteks hariduses, t\u00f6\u00f6h\u00f5ives v\u00f5i koolituses mitte osalevate noorte (NEET) \u2014 juurdep\u00e4\u00e4s haridusele ja v\u00e4\u00e4rikale t\u00f6\u00f6le.<\/p>\n\n\n\n<p>Viimase viie aasta jooksul on dr Sim\u00f5es teinud koost\u00f6\u00f6d rahvusvaheliste organisatsioonidega, sh Euroopa Komisjoni, OECD ja Euroopa N\u00f5ukoguga, panustades projektide hindamisse ja poliitika kujundamisse. Ta on olnud mitmete Euroopa Komisjoni rahastatud rahvusvaheliste projektide koordinaator v\u00f5i juhtivteadur.<\/p>\n\n\n\n<p>K\u00fcsimuste korral palume p\u00f6\u00f6rduda Maiu Reinholdi (<span style=\"text-decoration: underline;\"><a href=\"mailto:maiu.reinhold@ut.ee\">maiu.reinhold@ut.ee<\/a><\/span>) poole.<\/p>\n\n\n\n<p>Eesti doktorikooli sotsiaalteaduste haru.<\/p>\n\n\n\t<div  class=\"tribe-block tribe-block__events-link\" >\n\t\t<div class=\"tribe-events tribe-common\">\n\t\t\t<div class=\"tribe-events-c-subscribe-dropdown__container\">\n\t\t\t\t<div class=\"tribe-events-c-subscribe-dropdown\">\n\t\t\t\t\t<div class=\"tribe-common-c-btn-border tribe-events-c-subscribe-dropdown__button\">\n\t\t\t\t\t\t<svg\n\t class=\"tribe-common-c-svgicon tribe-common-c-svgicon--cal-export tribe-events-c-subscribe-dropdown__export-icon\" \taria-hidden=\"true\"\n\tviewBox=\"0 0 23 17\"\n\txmlns=\"http:\/\/www.w3.org\/2000\/svg\"\n>\n\t<path fill-rule=\"evenodd\" clip-rule=\"evenodd\" d=\"M.128.896V16.13c0 .211.145.383.323.383h15.354c.179 0 .323-.172.323-.383V.896c0-.212-.144-.383-.323-.383H.451C.273.513.128.684.128.896Zm16 6.742h-.901V4.679H1.009v10.729h14.218v-3.336h.901V7.638ZM1.01 1.614h14.218v2.058H1.009V1.614Z\" \/>\n\t<path d=\"M20.5 9.846H8.312M18.524 6.953l2.89 2.909-2.855 2.855\" stroke-width=\"1.2\" stroke-linecap=\"round\" stroke-linejoin=\"round\"\/>\n<\/svg>\n\t\t\t\t\t\t<button\n\t\t\t\t\t\t\tclass=\"tribe-events-c-subscribe-dropdown__button-text\"\n\t\t\t\t\t\t\taria-expanded=\"false\"\n\t\t\t\t\t\t\taria-controls=\"tribe-events-subscribe-dropdown-content\"\n\t\t\t\t\t\t\taria-label=\"View links to add events to your calendar\"\n\t\t\t\t\t\t>\n\t\t\t\t\t\t\tAdd to calendar\t\t\t\t\t\t<\/button>\n\t\t\t\t\t\t<svg\n\t class=\"tribe-common-c-svgicon tribe-common-c-svgicon--caret-down tribe-events-c-subscribe-dropdown__button-icon\" \taria-hidden=\"true\"\n\tviewBox=\"0 0 10 7\"\n\txmlns=\"http:\/\/www.w3.org\/2000\/svg\"\n>\n\t<path fill-rule=\"evenodd\" clip-rule=\"evenodd\" d=\"M1.008.609L5 4.6 8.992.61l.958.958L5 6.517.05 1.566l.958-.958z\" class=\"tribe-common-c-svgicon__svg-fill\"\/>\n<\/svg>\n\t\t\t\t\t<\/div>\n\t\t\t\t\t<div id=\"tribe-events-subscribe-dropdown-content\" class=\"tribe-events-c-subscribe-dropdown__content\">\n\t\t\t\t\t\t<ul class=\"tribe-events-c-subscribe-dropdown__list\">\n\t\t\t\t\t\t\t\t\t\t\t\t\t\t\t<li class=\"tribe-events-c-subscribe-dropdown__list-item tribe-events-c-subscribe-dropdown__list-item--gcal\">\n\t\t\t\t\t\t\t\t\t<a\n\t\t\t\t\t\t\t\t\t\thref=\"https:\/\/www.google.com\/calendar\/event?action=TEMPLATE&#038;dates=20260415T121500\/20260415T134500&#038;text=Avalik%20loeng%3A%20%E2%80%9E%C3%95igus%20j%C3%A4%C3%A4da%2C%20%C3%B5igus%20edeneda%3F%20Alternatiivsed%20tulevikuv%C3%A4ljavaated%20Euroopa%20maapiirkondade%20noortele%E2%80%9C&#038;details=%3Cp%3E%F0%9F%93%8D%3Cstrong%3ETartu%2C+Lossi+36%2C+ruum+207%3C%2Fstrong%3E+ja+%3Cstrong%3E%3Ca+href%3D%22https%3A%2F%2Fut-ee.zoom.us%2Fj%2F95858455993%3Fpwd%3DpDEXl7AtkHGNG7G6s8tzGeN2qwuRNx.1%22+data-type%3D%22link%22+data-id%3D%22https%3A%2F%2Fut-ee.zoom.us%2Fj%2F95858455993%3Fpwd%3DpDEXl7AtkHGNG7G6s8tzGeN2qwuRNx.1%22+target%3D%22_blank%22+rel%3D%22noreferrer+noopener%22%3E%3Cspan+style%3D%22text-decoration%3A+underline%3B%22%3EZoomis%3C%2Fspan%3E%3C%2Fa%3E%3C%2Fstrong%3E%3C%2Fp%3E+%3Cp%3E%3Cem%3ELoeng+toimub+inglise+keeles%3C%2Fem%3E.%3C%2Fp%3E+%3Cp%3EEuroopa+maapiirkonnad+seisavad+silmitsi+oluliste+demograafiliste+muutustega%2C+mis+tulenevad+eelk%C3%B5ige+vananevast+rahvastikust+ning+linnadest+paremaid+haridus-+ja+t%C3%B6%C3%B6v%C3%B5imalusi+otsivate+noorte+v%C3%A4ljar%C3%A4ndest.+Selle+tulemusena+on+maapiirkondade+noored+muutunud+%C3%BCha+huvipakkuvamaks+nii+poliitikakujunduses+kui+ka+teadusuuringutes.+Minu+ettekanne+annab+%C3%BClevaate%2C+kuidas+maapiirkondade+noored+kujutavad+ette+oma+tulevikku+mitmes+olulises+valdkonnas.+See+k%C3%A4sitlus+%C3%BChendab+teadmisi+mitmest+hiljutisest+uurimisprojektist%2C+mida+olen+juhtinud.+Nende+hulka+kuuluvad+Euroopa+N%C3%B5ukogu+j%3C%2Fp%3E+%28View+Full+event+Description+Here%3A+https%3A%2F%2Fwww.doktorikool.ee%2Fet%2Furitused%2Favalik-loeng-oigus-jaada-oigus-edeneda-alternatiivsed-tulevikuvaljavaated-euroopa-maapiirkondade-noortele%2F%29&#038;trp=false&#038;ctz=Europe\/Tallinn&#038;sprop=website:https:\/\/www.doktorikool.ee\/et\"\n\t\t\t\t\t\t\t\t\t\tclass=\"tribe-events-c-subscribe-dropdown__list-item-link\"\n\t\t\t\t\t\t\t\t\t\ttarget=\"_blank\"\n\t\t\t\t\t\t\t\t\t\trel=\"noopener noreferrer nofollow noindex\"\n\t\t\t\t\t\t\t\t\t>\n\t\t\t\t\t\t\t\t\t\tGoogle Calendar\t\t\t\t\t\t\t\t\t<\/a>\n\t\t\t\t\t\t\t\t<\/li>\n\t\t\t\t\t\t\t\t\t\t\t\t\t\t\t<li class=\"tribe-events-c-subscribe-dropdown__list-item tribe-events-c-subscribe-dropdown__list-item--ical\">\n\t\t\t\t\t\t\t\t\t<a\n\t\t\t\t\t\t\t\t\t\thref=\"\"\n\t\t\t\t\t\t\t\t\t\tclass=\"tribe-events-c-subscribe-dropdown__list-item-link\"\n\t\t\t\t\t\t\t\t\t\ttarget=\"_blank\"\n\t\t\t\t\t\t\t\t\t\trel=\"noopener noreferrer nofollow noindex\"\n\t\t\t\t\t\t\t\t\t>\n\t\t\t\t\t\t\t\t\t\tiCalendar\t\t\t\t\t\t\t\t\t<\/a>\n\t\t\t\t\t\t\t\t<\/li>\n\t\t\t\t\t\t\t\t\t\t\t\t\t\t\t<li class=\"tribe-events-c-subscribe-dropdown__list-item tribe-events-c-subscribe-dropdown__list-item--outlook-365\">\n\t\t\t\t\t\t\t\t\t<a\n\t\t\t\t\t\t\t\t\t\thref=\"\"\n\t\t\t\t\t\t\t\t\t\tclass=\"tribe-events-c-subscribe-dropdown__list-item-link\"\n\t\t\t\t\t\t\t\t\t\ttarget=\"_blank\"\n\t\t\t\t\t\t\t\t\t\trel=\"noopener noreferrer nofollow noindex\"\n\t\t\t\t\t\t\t\t\t>\n\t\t\t\t\t\t\t\t\t\tOutlook 365\t\t\t\t\t\t\t\t\t<\/a>\n\t\t\t\t\t\t\t\t<\/li>\n\t\t\t\t\t\t\t\t\t\t\t\t\t\t\t<li class=\"tribe-events-c-subscribe-dropdown__list-item tribe-events-c-subscribe-dropdown__list-item--outlook-live\">\n\t\t\t\t\t\t\t\t\t<a\n\t\t\t\t\t\t\t\t\t\thref=\"\"\n\t\t\t\t\t\t\t\t\t\tclass=\"tribe-events-c-subscribe-dropdown__list-item-link\"\n\t\t\t\t\t\t\t\t\t\ttarget=\"_blank\"\n\t\t\t\t\t\t\t\t\t\trel=\"noopener noreferrer nofollow noindex\"\n\t\t\t\t\t\t\t\t\t>\n\t\t\t\t\t\t\t\t\t\tOutlook Live\t\t\t\t\t\t\t\t\t<\/a>\n\t\t\t\t\t\t\t\t<\/li>\n\t\t\t\t\t\t\t\t\t\t\t\t\t<\/ul>\n\t\t\t\t\t<\/div>\n\t\t\t\t<\/div>\n\t\t\t<\/div>\n\t\t<\/div>\n\t<\/div>\n\n","protected":false},"excerpt":{"rendered":"<p>\ud83d\udccdTartu, Lossi 36, ruum 207 ja Zoomis Loeng toimub inglise keeles. Euroopa maapiirkonnad seisavad silmitsi oluliste demograafiliste muutustega, mis tulenevad eelk\u00f5ige vananevast rahvastikust ning linnadest paremaid haridus- ja t\u00f6\u00f6v\u00f5imalusi otsivate [&hellip;]<\/p>\n","protected":false},"author":1,"featured_media":0,"template":"","meta":{"inline_featured_image":false,"_EventAllDay":false,"_EventTimezone":"Europe\/Tallinn","_EventStartDate":"2026-04-15 12:15:00","_EventEndDate":"2026-04-15 13:45:00","_EventStartDateUTC":"2026-04-15 09:15:00","_EventEndDateUTC":"2026-04-15 10:45:00","_EventShowMap":false,"_EventShowMapLink":false,"_EventURL":"","_EventCost":"","_EventCostDescription":"","_EventCurrencySymbol":"$","_EventCurrencyCode":"USD","_EventCurrencyPosition":"prefix","_EventDateTimeSeparator":" ","_EventTimeRangeSeparator":" - ","_EventOrganizerID":[],"_EventVenueID":[],"_OrganizerEmail":"","_OrganizerPhone":"","_OrganizerWebsite":"","_VenueAddress":"","_VenueCity":"","_VenueCountry":"","_VenueProvince":"","_VenueState":"","_VenueZip":"","_VenuePhone":"","_VenueURL":"","_VenueStateProvince":"","_VenueLat":"","_VenueLng":"","_VenueShowMap":false,"_VenueShowMapLink":false,"_tribe_events_status":"","_tribe_events_status_reason":"","footnotes":""},"tags":[24],"tribe_events_cat":[10],"class_list":["post-4731","tribe_events","type-tribe_events","status-publish","hentry","tag-sotsiaalteadused","tribe_events_cat-doing-research","cat_doing-research"],"_links":{"self":[{"href":"https:\/\/www.doktorikool.ee\/et\/wp-json\/wp\/v2\/tribe_events\/4731","targetHints":{"allow":["GET"]}}],"collection":[{"href":"https:\/\/www.doktorikool.ee\/et\/wp-json\/wp\/v2\/tribe_events"}],"about":[{"href":"https:\/\/www.doktorikool.ee\/et\/wp-json\/wp\/v2\/types\/tribe_events"}],"author":[{"embeddable":true,"href":"https:\/\/www.doktorikool.ee\/et\/wp-json\/wp\/v2\/users\/1"}],"version-history":[{"count":2,"href":"https:\/\/www.doktorikool.ee\/et\/wp-json\/wp\/v2\/tribe_events\/4731\/revisions"}],"predecessor-version":[{"id":4733,"href":"https:\/\/www.doktorikool.ee\/et\/wp-json\/wp\/v2\/tribe_events\/4731\/revisions\/4733"}],"wp:attachment":[{"href":"https:\/\/www.doktorikool.ee\/et\/wp-json\/wp\/v2\/media?parent=4731"}],"wp:term":[{"taxonomy":"post_tag","embeddable":true,"href":"https:\/\/www.doktorikool.ee\/et\/wp-json\/wp\/v2\/tags?post=4731"},{"taxonomy":"tribe_events_cat","embeddable":true,"href":"https:\/\/www.doktorikool.ee\/et\/wp-json\/wp\/v2\/tribe_events_cat?post=4731"}],"curies":[{"name":"wp","href":"https:\/\/api.w.org\/{rel}","templated":true}]}}