{"id":5019,"date":"2026-04-27T18:26:28","date_gmt":"2026-04-27T15:26:28","guid":{"rendered":"https:\/\/www.doktorikool.ee\/?post_type=tribe_events&#038;p=5019"},"modified":"2026-04-28T09:44:14","modified_gmt":"2026-04-28T06:44:14","slug":"avalik-loeng-kliimamuutuste-leevendamise-vastuoluline-poliitika-euroopa-parlamendi-kogemused","status":"publish","type":"tribe_events","link":"https:\/\/www.doktorikool.ee\/et\/uritused\/avalik-loeng-kliimamuutuste-leevendamise-vastuoluline-poliitika-euroopa-parlamendi-kogemused\/","title":{"rendered":"Avalik loeng \u201eKliimamuutuste leevendamise vastuoluline poliitika: Euroopa Parlamendi kogemused\u201c"},"content":{"rendered":"<div  class=\"tribe-events-schedule tribe-clearfix\" >\n\t<p class=\"tribe-events-schedule__datetime\">\n\t\t<span class=\"tribe-events-schedule__date tribe-events-schedule__date--start\">\n\t\t\t13\/05\t\t<\/span>\n\n\t\t\t\t\t<span class=\"tribe-events-schedule__separator tribe-events-schedule__separator--date\">\n\t\t\t\t \t\t\t<\/span>\n\t\t\t<span class=\"tribe-events-schedule__time tribe-events-schedule__time--start\">\n\t\t\t\t10:15\t\t\t<\/span>\n\t\t\n\t\t\t\t\t\t\t\t\t<span class=\"tribe-events-schedule__separator tribe-events-schedule__separator--time\">\n\t\t\t\t\t &#8211; \t\t\t\t<\/span>\n\t\t\t\n\t\t\t\t\t\t\t<span class=\"tribe-events-schedule__time tribe-events-schedule__time--end\">\n\t\t\t\t\t11:45\t\t\t\t<\/span>\n\t\t\t\n\t\t\t\t\t\t<\/p>\n<\/div>\n\n\n\n<p>\ud83d\udccdTartu, Lossi 36-305<\/p>\n\n\n\n<p><em>\u00dcritus toimub inglise keeles.<\/em><\/p>\n\n\n\n<p>Osalema on oodatud k\u00f5ik huvilised k\u00f5ikidest valdkondadest!<\/p>\n\n\n\n<p>Kliimamuutuste leevendamise poliitikad n\u00e4evad ette kontsentreeritud, vahetute kulude kandmist hajusa, tulevikus avalduva kasu eest, mis v\u00f5ib v\u00e4hendada valitud esindajate motivatsiooni neid edendada. Populistliku radikaalse parempoolse liikumise tugevad valimistulemused ning keskkonnateemade politiseerimine nende poolt v\u00f5ivad seda poliitilist v\u00e4ljakutset veelgi s\u00fcvendada.<\/p>\n\n\n\n<p>Aastatel 2019\u20132024 esitas Euroopa Komisjon mitmeid ulatuslikke Euroopa roheleppega seotud leevendusmeetmeid. Kuid alates 2024. aasta Euroopa Parlamendi valimistest on paljusid keskseid poliitikaid n\u00f5rgendatud v\u00f5i edasi l\u00fckatud. See muudab Euroopa Parlamendi suurep\u00e4raseks keskkonnaks dekarboniseerimise seadusandliku poliitika uurimiseks. See v\u00f5imaldab j\u00e4lgida, kuidas erineva riikliku poliitilise taustaga Euroopa Parlamendi liikmed h\u00e4\u00e4letavad mitmesuguste eeln\u00f5ude \u00fcle. Nende nimeliste h\u00e4\u00e4letuste statistilist anal\u00fc\u00fcsi t\u00e4iendavad kvalitatiivsed andmed intervjuudest Euroopa Parlamendi liikmete ja parlamendi assistentidega.<\/p>\n\n\n\n<p>Perioodi 2019\u20132024 kohta leiame, et lisaks rahvuslike parteide ideoloogiale ja Euroopa tasandi fraktsioonide m\u00f5jule on tugevam populistlike radikaalsete parempoolsete konkurents riiklikul tasandil m\u00f5\u00f5dukalt seotud v\u00e4iksema toetusega rohepoliitikatele. Praeguses Euroopa Parlamendis suurendavad toetust poliitikate tagasip\u00f6\u00f6ramisele ka majanduslikult liberaalsed ja euroskeptilised vaated. M\u00f5lemal perioodil leiame t\u00f5endeid riigip\u00f5histe m\u00f5jude kohta, mis varieeruvad h\u00e4\u00e4letuste l\u00f5ikes.<\/p>\n\n\n\n<p>Loeng p\u00f5hineb k\u00e4imasoleval projektil <strong>Mihail Chiruga<\/strong> (Oxfordi \u00dclikool).<\/p>\n\n\n\n<p>Avalikku loengut modereerib <strong>Martin M\u00f6lder<\/strong> (politoloogia kaasprofessor, Johan Skytte poliitikauuringute instituut)<\/p>\n\n\n\n<div class=\"wp-block-aab-accordion-block aab__accordion_container  accessibilityOn\" style=\"margin-top:0px;margin-bottom:15px;border:1px solid #bcb6b638\" id=\"aab_accordion_4edc203b_0\" role=\"button\" aria-expanded=\"false\" tabindex=\"0\"><div class=\"aab__accordion_head aab_right_icon \" style=\"background-color:#bcb6b638;border-top:none;border-right:none;border-bottom:none;border-left:none\"><div class=\"aab__accordion_heading aab_right_icon aab_right_link\"><div class=\"head_content_wrapper\"><div class=\"title_wrapper\"><h5 class=\"aab__accordion_title\" style=\"margin:0\">L\u00e4biviija<\/h5><\/div><\/div><\/div><div class=\"aab__accordion_icon\" style=\"border:0px solid transparent\"><span class=\"aab__icon dashicons dashicons-plus-alt2\" style=\"font-size:23px\"><\/span><\/div><\/div><div class=\"aab__accordion_body  \" role=\"region\" style=\"display:none;border-top:1px solid #bcb6b638;border-right:none;border-bottom:none;border-left:none\"><div class=\"aab__accordion_component\">\n<p>Avaliku loengut viib l\u00e4bi <strong>Thomas D\u00e4ubler<\/strong>, University College Dublin (Iirimaa), lektor.<\/p>\n\n\n\n<p>Dr Thomas D\u00e4ubler \u00f5petab v\u00f5rdlevat poliitikat ja uurimismeetodeid University College Dublini politoloogia ja rahvusvaheliste suhete instituudis. Tema uurimist\u00f6\u00f6 keskendub peamiselt valimiss\u00fcsteemidele, parlamentaarsele k\u00e4itumisele ja poliitilistele parteidele. Tal on k\u00e4sil mitu uurimisprojekti, mis keskenduvad rohep\u00f6\u00f6rde ja poliitilise esindatuse vahelistele seostele.<\/p>\n<\/div><\/div><\/div>\n\n\n\n<p>K\u00fcsimuste korral palume p\u00f6\u00f6rduda Kristel Vitsa (<a href=\"mailto:kristel.vits@ut.ee\"><span style=\"text-decoration: underline;\">kristel.vits@ut.ee<\/span><\/a>) poole.<\/p>\n\n\n\n<p>Eesti doktorikooli sotsiaalteaduste haru.<\/p>\n","protected":false},"excerpt":{"rendered":"<p>\ud83d\udccdTartu, Lossi 36-305 \u00dcritus toimub inglise keeles. Osalema on oodatud k\u00f5ik huvilised k\u00f5ikidest valdkondadest! Kliimamuutuste leevendamise poliitikad n\u00e4evad ette kontsentreeritud, vahetute kulude kandmist hajusa, tulevikus avalduva kasu eest, mis v\u00f5ib [&hellip;]<\/p>\n","protected":false},"author":4,"featured_media":0,"template":"","meta":{"inline_featured_image":false,"_EventAllDay":false,"_EventTimezone":"Europe\/Tallinn","_EventStartDate":"2026-05-13 10:15:00","_EventEndDate":"2026-05-13 11:45:00","_EventStartDateUTC":"2026-05-13 07:15:00","_EventEndDateUTC":"2026-05-13 08:45:00","_EventShowMap":false,"_EventShowMapLink":false,"_EventURL":"","_EventCost":"","_EventCostDescription":"","_EventCurrencySymbol":"$","_EventCurrencyCode":"USD","_EventCurrencyPosition":"prefix","_EventDateTimeSeparator":" ","_EventTimeRangeSeparator":" - ","_EventOrganizerID":[],"_EventVenueID":[],"_OrganizerEmail":"","_OrganizerPhone":"","_OrganizerWebsite":"","_VenueAddress":"","_VenueCity":"","_VenueCountry":"","_VenueProvince":"","_VenueState":"","_VenueZip":"","_VenuePhone":"","_VenueURL":"","_VenueStateProvince":"","_VenueLat":"","_VenueLng":"","_VenueShowMap":false,"_VenueShowMapLink":false,"_tribe_events_status":"","_tribe_events_status_reason":"","footnotes":""},"tags":[24],"tribe_events_cat":[],"class_list":["post-5019","tribe_events","type-tribe_events","status-publish","hentry","tag-sotsiaalteadused"],"_links":{"self":[{"href":"https:\/\/www.doktorikool.ee\/et\/wp-json\/wp\/v2\/tribe_events\/5019","targetHints":{"allow":["GET"]}}],"collection":[{"href":"https:\/\/www.doktorikool.ee\/et\/wp-json\/wp\/v2\/tribe_events"}],"about":[{"href":"https:\/\/www.doktorikool.ee\/et\/wp-json\/wp\/v2\/types\/tribe_events"}],"author":[{"embeddable":true,"href":"https:\/\/www.doktorikool.ee\/et\/wp-json\/wp\/v2\/users\/4"}],"version-history":[{"count":9,"href":"https:\/\/www.doktorikool.ee\/et\/wp-json\/wp\/v2\/tribe_events\/5019\/revisions"}],"predecessor-version":[{"id":5032,"href":"https:\/\/www.doktorikool.ee\/et\/wp-json\/wp\/v2\/tribe_events\/5019\/revisions\/5032"}],"wp:attachment":[{"href":"https:\/\/www.doktorikool.ee\/et\/wp-json\/wp\/v2\/media?parent=5019"}],"wp:term":[{"taxonomy":"post_tag","embeddable":true,"href":"https:\/\/www.doktorikool.ee\/et\/wp-json\/wp\/v2\/tags?post=5019"},{"taxonomy":"tribe_events_cat","embeddable":true,"href":"https:\/\/www.doktorikool.ee\/et\/wp-json\/wp\/v2\/tribe_events_cat?post=5019"}],"curies":[{"name":"wp","href":"https:\/\/api.w.org\/{rel}","templated":true}]}}